{"id":20244,"date":"2026-09-01T17:01:28","date_gmt":"2026-09-01T14:01:28","guid":{"rendered":"https:\/\/www.profexpo.ee\/foodfair\/?page_id=20244"},"modified":"2026-09-03T10:13:52","modified_gmt":"2026-09-03T07:13:52","slug":"seminar_toidu-ja_joogiturunduse_tulevik","status":"publish","type":"page","link":"https:\/\/www.profexpo.ee\/foodfair\/programm\/seminar_toidu-ja_joogiturunduse_tulevik\/","title":{"rendered":"Seminar \u201cToidu- ja joogiturunduse tulevik\u201d"},"content":{"rendered":"<blockquote><p><img loading=\"lazy\" decoding=\"async\" class=\"aligncenter wp-image-20245 \" src=\"https:\/\/www.profexpo.ee\/foodfair\/wp-content\/uploads\/2026\/09\/900px_seminar-250x61.png\" alt=\"\" width=\"590\" height=\"144\" srcset=\"https:\/\/www.profexpo.ee\/foodfair\/wp-content\/uploads\/2026\/09\/900px_seminar-250x61.png 250w, https:\/\/www.profexpo.ee\/foodfair\/wp-content\/uploads\/2026\/09\/900px_seminar-700x171.png 700w, https:\/\/www.profexpo.ee\/foodfair\/wp-content\/uploads\/2026\/09\/900px_seminar-768x188.png 768w, https:\/\/www.profexpo.ee\/foodfair\/wp-content\/uploads\/2026\/09\/900px_seminar-450x110.png 450w, https:\/\/www.profexpo.ee\/foodfair\/wp-content\/uploads\/2026\/09\/900px_seminar-120x29.png 120w, https:\/\/www.profexpo.ee\/foodfair\/wp-content\/uploads\/2026\/09\/900px_seminar.png 900w\" sizes=\"(max-width: 590px) 100vw, 590px\" \/><\/p><\/blockquote>\n<h2 style=\"text-align: left;\"><strong>Turundusseminar \u201cToidu- ja joogiturunduse tulevik\u201d<\/strong><\/h2>\n<h3><span style=\"color: #3ead80;\"><strong>Seminarile v\u00f5iks tulla k\u00fcsimustega, millele oma ala eksperdid annavad praktilised ja sisulised vastused:<\/strong><\/span><\/h3>\n<ul>\n<li><span style=\"color: #333333;\">Kuidas teha nii, et hea toode ei j\u00e4\u00e4ks lihtsalt riiulile, vaid j\u00f5uaks inimese teadvusse ja ostukorvi?<\/span><\/li>\n<li><span style=\"color: #333333;\">Mis aitab toidubr\u00e4ndil konkurentide seast v\u00e4lja paista, huvi tekitada ja meelde j\u00e4\u00e4da?<\/span><\/li>\n<li><span style=\"color: #333333;\">Millist kasu pakub AI turundusinimesele?<\/span><\/li>\n<li><span style=\"color: #333333;\">Kuidas kasutada Instagrami ja teisi sotsiaalmeediakanaleid nii, et neist s\u00fcnniks p\u00e4riselt kasu, mitte lihtsalt j\u00e4rjekordne postitus?<\/span><\/li>\n<\/ul>\n<h3><span style=\"color: #3ead80;\"><strong>Kellele on seminar m\u00f5eldud?<\/strong><\/span><\/h3>\n<p style=\"text-align: justify;\"><span style=\"color: #333333;\">Seminar on suunatud toidu- ja joogitootjatele, maaletoojatele, br\u00e4ndiomanikele, br\u00e4ndijuhtidele, turundus- ja m\u00fc\u00fcgijuhtidele ning teistele toiduturundusega tegelevatele professionaalidele.<\/span><\/p>\n<h2><span style=\"color: #3ead80;\"><strong>Programm<\/strong><\/span><\/h2>\n<h3 style=\"text-align: justify;\"><span style=\"color: #333333;\"><strong>Neljap\u00e4ev, 24. septembril, Unibet Arenal.<\/strong><\/span><\/h3>\n<h3 style=\"text-align: justify;\"><span style=\"color: #333333;\"><span style=\"color: #3ead80;\"><strong>9:30 \u2013 10:00 o<\/strong>salejate hommikukohv<\/span><\/span><\/h3>\n<h3><span style=\"color: #3ead80;\"><strong>10:00\u201310:15\u00a0 s<\/strong><strong>eminari avamine ja sissejuhatus<\/strong> <\/span><\/h3>\n<h3><span style=\"color: #3ead80;\"><strong>10:15\u201311:00\u00a0 &#8220;N\u00e4htavus Instagramis: kuidas toidutootjana silma paista?&#8221; <\/strong><strong>Katriin Mangus, ettev\u00f5tja ja Instagrami mentor<\/strong><\/span><\/h3>\n<p style=\"text-align: justify;\"><span style=\"color: #333333;\">Mis toob 2026. aastal toidu- ja joogitootjale Instagramis n\u00e4htavust ning mis enam ei t\u00f6\u00f6ta? Katriin toob praktilisi n\u00e4iteid v\u00e4lismaistelt br\u00e4ndidelt ja jagab soovitusi, mida saab kohe j\u00e4rgmisel p\u00e4eval rakendada. Lisaks vaatame, kuidas korraldada sotsiaalmeedia ettev\u00f5ttes nii, et sisu loomine ei j\u00e4\u00e4ks iga kord toppama, kui juhil kiireks l\u00e4heb.<\/span><\/p>\n<h3><span style=\"color: #3ead80;\"><strong>11:00\u201312:00 &#8220;Tehisintellekt toidu- ja joogibr\u00e4ndide teenistuses&#8221; Katrin Vilimaa-Otsing, digiturunduse strateeg ja koolitaja<\/strong><\/span><\/h3>\n<p style=\"text-align: justify;\"><span style=\"color: #333333;\">Tehisintellekt on t\u00e4naseks loomulik osa turundusest, kuid uute t\u00f6\u00f6riistade ja uuenduste kiires tempos on lihtne \u00e4ra eksida. Selles ettekandes l\u00f5ikame l\u00e4bi infom\u00fcrast ning toome v\u00e4lja k\u00f5ige kasulikumad AI-rakendused ja l\u00e4biproovitud t\u00f6\u00f6vood. Saad selge ja praktilise \u00fclevaate, kuidas AI abil ideestada kampaaniaid, luua k\u00f6itvat sisu ja hoida kokku v\u00e4\u00e4rtuslikku aega \u2013 ilma k\u00fcmneid erinevaid rakendusi testimata.<\/span><\/p>\n<h3><span style=\"color: #3ead80;\"><strong>12:00\u201312:20 <\/strong><strong>Paus<\/strong><\/span><\/h3>\n<h3><span style=\"color: #3ead80;\"><strong>12:20\u201312:50 &#8220;Palja tagumikuga meid t\u00f5siselt ei v\u00f5eta&#8221;<\/strong>\u00a0<strong>Kaarle Olav Varkki, Optimist Creative loovjuht<\/strong><\/span><\/h3>\n<p class=\"isSelectedEnd\" style=\"text-align: justify;\"><span style=\"color: #333333;\">Eestis toodetakse kvaliteetset toitu, aga keegi seda meie k\u00e4est ise k\u00fcsima ei tule. Piilume koos \u00fcle oma armsa kodumaa m\u00fc\u00fcride ja vaatame, kuidas br\u00e4nd ja storytelling on aidanud Skandinaavia tootjatel laias maailmas l\u00e4bi l\u00fc\u00fca. V\u00f5ib-olla on aeg ka Eesti tootjatel ennast veidi rohkem n\u00e4idata \u2013 sest hea toode \u00fcksi ei r\u00e4\u00e4gi veel enda eest. <\/span><span style=\"color: #333333;\">Nagu \u00f6eldi juba \u201eNukitsamehe\u201c filmis \u2013 peseme ennast puhtaks, viilime sarved \u00e4ra ja saame ka tuppa puhaste linade vahele.<\/span><\/p>\n<h3><span style=\"color: #3ead80;\"><strong>12:50\u201313:10 <\/strong><strong>K\u00f5neleja kinnitamisel<\/strong><\/span><\/h3>\n<h3><span style=\"color: #3ead80;\"><strong>13:10\u201313:40<\/strong><strong> &#8220;Kuidas muuta toidutootja ise meediakanaliks?&#8221; <\/strong><strong>Karl Niilo, Nopri Talumeierei O\u00dc meierei tegevjuht<\/strong><\/span><\/h3>\n<p style=\"text-align: justify;\"><span style=\"color: #333333;\">Kuidas muuta toidutootja ettev\u00f5ttest kanaliks, mida inimesed p\u00e4riselt j\u00e4lgida tahavad? Karl Niilo r\u00e4\u00e4gib Nopri n\u00e4itel, kuidas tuua ettev\u00f5tte p\u00e4riselu, inimesed ja lood sotsiaalmeediasse nii, et sellest s\u00fcnniks midagi enamat kui lihtsalt j\u00e4rjekordne reklaampostitus. Milline sisu t\u00f6\u00f6tab, miks tasub olla aus ja j\u00e4rjepidev ning kuidas v\u00f5ib n\u00e4htavus sotsiaalmeedias j\u00f5uda l\u00f5puks ka m\u00fc\u00fcgi ja \u00e4rilise kasvuni?<\/span><\/p>\n<h3><span style=\"color: #3ead80;\">Registreerimine:<\/span><\/h3>\n<p><span style=\"color: #333333;\"><a style=\"color: #333333;\" href=\"https:\/\/www.profexpo.ee\/foodfair\/toidu-ja-joogiturunduse-tulevik2026-registreerimine\/\"><span style=\"color: #ff99cc;\">REGISTREERIMISVORM<\/span><\/a><\/span><\/p>\n<h3 style=\"text-align: center;\"><strong>*** *** ***<\/strong><\/h3>\n<h3><span style=\"color: #3ead80;\"><strong>K\u00f5nelejate tutvustused<\/strong><\/span><\/h3>\n<table style=\"border-collapse: collapse;\">\n<tbody>\n<tr>\n<td><img loading=\"lazy\" decoding=\"async\" width=\"250\" height=\"200\" class=\"aligncenter size-medium wp-image-20296\" src=\"https:\/\/www.profexpo.ee\/foodfair\/wp-content\/uploads\/2026\/09\/Katrin-Otsing_UUS-250x200.jpg\" alt=\"\" srcset=\"https:\/\/www.profexpo.ee\/foodfair\/wp-content\/uploads\/2026\/09\/Katrin-Otsing_UUS-250x200.jpg 250w, https:\/\/www.profexpo.ee\/foodfair\/wp-content\/uploads\/2026\/09\/Katrin-Otsing_UUS-120x96.jpg 120w, https:\/\/www.profexpo.ee\/foodfair\/wp-content\/uploads\/2026\/09\/Katrin-Otsing_UUS.jpg 450w\" sizes=\"(max-width: 250px) 100vw, 250px\" \/><\/td>\n<td><\/td>\n<td>\n<h1><\/h1>\n<\/td>\n<\/tr>\n<\/tbody>\n<\/table>\n<p style=\"text-align: justify;\"><span style=\"color: #333333;\"><strong>Katrin Vilimaa-Otsing<\/strong> on pikaajalise kogemusega digiturunduse strateeg ja koolitaja, kes aitab ettev\u00f5tetel tehisintellekti abil turundust\u00f6\u00f6d lihtsustada ja kiirendada. Ta on spetsialiseerunud praktiliste AI-t\u00f6\u00f6riistade ja nutikate turundusprotsesside juurutamisele igap\u00e4evat\u00f6\u00f6s ning on koolitanud sadu Eesti ettev\u00f5tjaid ja spetsialiste. Katrin aitab uue tehnoloogia inimesteni tuua selgete ja kohe rakendatavate sammudena.<\/span><\/p>\n<h3 style=\"text-align: center;\"><strong>*** *** ***<\/strong><\/h3>\n<table style=\"border-collapse: collapse;\">\n<tbody>\n<tr>\n<td><img loading=\"lazy\" decoding=\"async\" width=\"250\" height=\"200\" class=\"aligncenter size-medium wp-image-20294\" src=\"https:\/\/www.profexpo.ee\/foodfair\/wp-content\/uploads\/2026\/09\/Karl-Nopri-Gaselli_kongress-2026_Foto_Andras_Kralla-211_UUS-250x200.jpg\" alt=\"\" srcset=\"https:\/\/www.profexpo.ee\/foodfair\/wp-content\/uploads\/2026\/09\/Karl-Nopri-Gaselli_kongress-2026_Foto_Andras_Kralla-211_UUS-250x200.jpg 250w, https:\/\/www.profexpo.ee\/foodfair\/wp-content\/uploads\/2026\/09\/Karl-Nopri-Gaselli_kongress-2026_Foto_Andras_Kralla-211_UUS-120x96.jpg 120w, https:\/\/www.profexpo.ee\/foodfair\/wp-content\/uploads\/2026\/09\/Karl-Nopri-Gaselli_kongress-2026_Foto_Andras_Kralla-211_UUS.jpg 450w\" sizes=\"(max-width: 250px) 100vw, 250px\" \/><\/td>\n<td><\/td>\n<td>\n<h1><\/h1>\n<\/td>\n<\/tr>\n<\/tbody>\n<\/table>\n<p style=\"text-align: justify;\"><span style=\"color: #333333;\"><strong>Karl Niilo<\/strong> on Nopri Talumeierei meierei tegevjuht ja sotsiaalmeedia eestvedaja. Ta on aastaid tegelenud Nopri n\u00e4htavuse kasvatamisega ning on \u00fcks Exela Media Groupi eestvedajatest.<\/span><\/p>\n<h3 style=\"text-align: center;\"><strong>*** *** ***<\/strong><\/h3>\n<table style=\"border-collapse: collapse; width: 100%; height: 24px;\">\n<tbody>\n<tr style=\"height: 24px;\">\n<td style=\"width: 100%; height: 24px;\"><img loading=\"lazy\" decoding=\"async\" width=\"250\" height=\"296\" class=\"size-medium wp-image-20295 alignleft\" src=\"https:\/\/www.profexpo.ee\/foodfair\/wp-content\/uploads\/2026\/09\/kaarle_UUS-250x296.jpg\" alt=\"\" srcset=\"https:\/\/www.profexpo.ee\/foodfair\/wp-content\/uploads\/2026\/09\/kaarle_UUS-250x296.jpg 250w, https:\/\/www.profexpo.ee\/foodfair\/wp-content\/uploads\/2026\/09\/kaarle_UUS-120x142.jpg 120w, https:\/\/www.profexpo.ee\/foodfair\/wp-content\/uploads\/2026\/09\/kaarle_UUS.jpg 304w\" sizes=\"(max-width: 250px) 100vw, 250px\" \/><\/td>\n<\/tr>\n<\/tbody>\n<\/table>\n<p style=\"text-align: justify;\"><span style=\"color: #000000;\"><strong>Kaarle Olav Varkki<\/strong> on Optimist Creative&#8217;i loovjuht ja uue p\u00f5lvkonna tekstikirjutaja, kelle t\u00f6\u00f6 on aidata ettev\u00f5tetel endast paremini r\u00e4\u00e4kida.\u00a0Tema erialane ambitsioon on aidata Eesti tootjatel muutuda konkurentsiv\u00f5imeliseks ja piisavalt enesekindlaks, et minna koos maailma vallutama. Ta soovib aidata Eesti tootjatel eristuda, kasvatada enesekindlust ja olla valmis oma toodetega maailma minema.<\/span><\/p>\n<h3 style=\"text-align: center;\"><strong>*** *** ***<\/strong><\/h3>\n<table style=\"border-collapse: collapse; width: 100%;\">\n<tbody>\n<tr>\n<td style=\"width: 100%;\"><img loading=\"lazy\" decoding=\"async\" width=\"250\" height=\"200\" class=\"size-medium wp-image-20293 alignleft\" src=\"https:\/\/www.profexpo.ee\/foodfair\/wp-content\/uploads\/2026\/09\/Katriin-Mangus-Tezza-4931_UUS-250x200.jpg\" alt=\"\" srcset=\"https:\/\/www.profexpo.ee\/foodfair\/wp-content\/uploads\/2026\/09\/Katriin-Mangus-Tezza-4931_UUS-250x200.jpg 250w, https:\/\/www.profexpo.ee\/foodfair\/wp-content\/uploads\/2026\/09\/Katriin-Mangus-Tezza-4931_UUS-120x96.jpg 120w, https:\/\/www.profexpo.ee\/foodfair\/wp-content\/uploads\/2026\/09\/Katriin-Mangus-Tezza-4931_UUS.jpg 450w\" sizes=\"(max-width: 250px) 100vw, 250px\" \/><\/td>\n<\/tr>\n<\/tbody>\n<\/table>\n<p style=\"text-align: justify;\"><span style=\"color: #333333;\"><strong>Katriin Mangus<\/strong> on Eesti esimene Instagrami mentor, kes on koolitanud \u00fcle 700 inimese ja juhib enam kui 400-liikmelist Next Level kogukonda. Ta on teinud koost\u00f6\u00f6d selliste Eesti br\u00e4ndidega nagu SEB, Workland, Riigikogu, Hilton ja TV3 Grupp. Katriin elab Los Angeleses ning toob Eestisse v\u00e4rskeid teadmisi ja rahvusvahelisi sotsiaalmeediaturunduse suundumusi.<\/span><\/p>\n<h3 style=\"text-align: center;\"><strong>*** *** ***<\/strong><\/h3>\n<h3><span style=\"color: #333333;\"><strong><span style=\"color: #3ead80;\">Osalustasu<\/span><br \/>\n<\/strong><\/span><\/h3>\n<p><span style=\"color: #333333;\">Sooduspilet kuni 15.09 \u2013<strong data-start=\"243\" data-end=\"281\"> 95 \u20ac + km<\/strong><\/span><br data-start=\"281\" data-end=\"284\" \/><span style=\"color: #333333;\">Alates 16.09 \u2013 <strong data-start=\"284\" data-end=\"313\" data-is-last-node=\"\">125 \u20ac + km<\/strong><\/span><\/p>\n<p>Seminaripilet annab p\u00e4\u00e4su ka Tallinna Toidumessile.<\/p>\n<p class=\"isSelectedEnd\"><span style=\"color: #333333;\"><span style=\"color: #3ead80;\"><strong>Registreerimist\u00e4htaeg:<\/strong><\/span> 21.09.2026. Seminari kohtade arv on piiratud, seega soovitame huvi korral registreeruda esimesel v\u00f5imalusel.<\/span><\/p>\n<h3 style=\"text-align: center;\"><strong>*** *** ***<\/strong><\/h3>\n<h3><span style=\"color: #3ead80;\">Registreerimine<\/span><\/h3>\n<p><span style=\"color: #333333;\"><a style=\"color: #333333;\" href=\"https:\/\/www.profexpo.ee\/foodfair\/toidu-ja-joogiturunduse-tulevik2026-registreerimine\/\"><span style=\"color: #ff99cc;\">REGISTREERIMISVORM<\/span><\/a><\/span><\/p>\n<p><span style=\"color: #333333;\">Registreerunutel on v\u00f5imalik t\u00fchistada oma osalus kulusid kandmata 9. septembrini. Hilisemal loobumisel v\u00f5i loobumisest teatamata j\u00e4tmisel osalustasu ei tagastata v\u00f5i arve kuulub tasumisele. T\u00fchistamissoov saata e-maili teel.<\/span><\/p>\n<h3><span style=\"color: #3ead80;\">K\u00fcsimuste puhul palun p\u00f6\u00f6rduda<\/span><\/h3>\n<p><span style=\"color: #333333;\">Kennet Sarv<\/span><br \/>\n<span style=\"color: #333333;\">TTM 2026 programmi koordinaator<\/span><br \/>\n<span style=\"color: #333333;\"><a style=\"color: #333333;\" href=\"mailto:kennet.sarv@profexpo.ee\">kennet.sarv@profexpo.ee<br \/>\n<\/a>telefon: 62 61\u00a0347, 52 71\u00a0095<\/span><\/p>\n","protected":false},"excerpt":{"rendered":"Turundusseminar \u201cToidu- ja joogiturunduse tulevik\u201d Seminarile v\u00f5iks tulla k\u00fcsimustega, millele oma ala eksperdid annavad praktilised ja sisulised vastused: Kuidas teha nii, et hea toode ei j\u00e4\u00e4ks lihtsalt riiulile, vaid j\u00f5uaks inimese teadvusse ja ostukorvi? Mis aitab toidubr\u00e4ndil konkurentide seast v\u00e4lja paista, huvi tekitada ja meelde j\u00e4\u00e4da? Millist kasu pakub AI turundusinimesele? Kuidas kasutada Instagrami ja&#8230; <a class=\"view-article\" href=\"https:\/\/www.profexpo.ee\/foodfair\/programm\/seminar_toidu-ja_joogiturunduse_tulevik\/\">Loe edasi<\/a>","protected":false},"author":3,"featured_media":0,"parent":13,"menu_order":10,"comment_status":"closed","ping_status":"closed","template":"","meta":{"footnotes":""},"class_list":["post-20244","page","type-page","status-publish","hentry"],"yoast_head":"<!-- This site is optimized with the Yoast SEO plugin v28.2 - https:\/\/yoast.com\/product\/yoast-seo-wordpress\/ -->\n<title>Seminar \u201cToidu- ja joogiturunduse tulevik\u201d - Tallinna Toidumess 2026<\/title>\n<meta name=\"robots\" content=\"index, follow, max-snippet:-1, max-image-preview:large, max-video-preview:-1\" \/>\n<link rel=\"canonical\" href=\"https:\/\/www.profexpo.ee\/foodfair\/programm\/seminar_toidu-ja_joogiturunduse_tulevik\/\" \/>\n<meta property=\"og:locale\" content=\"et_EE\" \/>\n<meta property=\"og:type\" content=\"article\" \/>\n<meta property=\"og:title\" content=\"Seminar \u201cToidu- ja joogiturunduse tulevik\u201d - Tallinna Toidumess 2026\" \/>\n<meta property=\"og:description\" content=\"Toidumessil, Unibet Arenale oodatakse 23.-24.09 \u00fcle viie tuhande toiduala liidri, otsustaja ja ala uustulnuka.\" \/>\n<meta property=\"og:url\" content=\"https:\/\/www.profexpo.ee\/foodfair\/programm\/seminar_toidu-ja_joogiturunduse_tulevik\/\" \/>\n<meta property=\"og:site_name\" content=\"Tallinna Toidumess 2026\" \/>\n<meta property=\"article:modified_time\" content=\"2026-09-03T07:13:52+00:00\" \/>\n<meta property=\"og:image\" content=\"https:\/\/www.profexpo.ee\/foodfair\/wp-content\/uploads\/2026\/09\/900px_seminar.png\" \/>\n\t<meta property=\"og:image:width\" content=\"900\" \/>\n\t<meta property=\"og:image:height\" content=\"220\" \/>\n\t<meta property=\"og:image:type\" content=\"image\/png\" \/>\n<meta name=\"twitter:card\" content=\"summary_large_image\" \/>\n<meta name=\"twitter:description\" content=\"Toidumessil, Unibet Arenale oodatakse 23.-24.09 \u00fcle viie tuhande toiduala liidri, otsustaja ja ala uustulnuka.\" \/>\n<script type=\"application\/ld+json\" class=\"yoast-schema-graph\">{\"@context\":\"https:\\\/\\\/schema.org\",\"@graph\":[{\"@type\":\"WebPage\",\"@id\":\"https:\\\/\\\/www.profexpo.ee\\\/foodfair\\\/programm\\\/seminar_toidu-ja_joogiturunduse_tulevik\\\/\",\"url\":\"https:\\\/\\\/www.profexpo.ee\\\/foodfair\\\/programm\\\/seminar_toidu-ja_joogiturunduse_tulevik\\\/\",\"name\":\"Seminar \u201cToidu- ja joogiturunduse tulevik\u201d - Tallinna Toidumess 2026\",\"isPartOf\":{\"@id\":\"https:\\\/\\\/www.profexpo.ee\\\/foodfair\\\/#website\"},\"primaryImageOfPage\":{\"@id\":\"https:\\\/\\\/www.profexpo.ee\\\/foodfair\\\/programm\\\/seminar_toidu-ja_joogiturunduse_tulevik\\\/#primaryimage\"},\"image\":{\"@id\":\"https:\\\/\\\/www.profexpo.ee\\\/foodfair\\\/programm\\\/seminar_toidu-ja_joogiturunduse_tulevik\\\/#primaryimage\"},\"thumbnailUrl\":\"https:\\\/\\\/www.profexpo.ee\\\/foodfair\\\/wp-content\\\/uploads\\\/2026\\\/09\\\/900px_seminar-250x61.png\",\"datePublished\":\"2026-09-01T14:01:28+00:00\",\"dateModified\":\"2026-09-03T07:13:52+00:00\",\"breadcrumb\":{\"@id\":\"https:\\\/\\\/www.profexpo.ee\\\/foodfair\\\/programm\\\/seminar_toidu-ja_joogiturunduse_tulevik\\\/#breadcrumb\"},\"inLanguage\":\"et\",\"potentialAction\":[{\"@type\":\"ReadAction\",\"target\":[\"https:\\\/\\\/www.profexpo.ee\\\/foodfair\\\/programm\\\/seminar_toidu-ja_joogiturunduse_tulevik\\\/\"]}]},{\"@type\":\"ImageObject\",\"inLanguage\":\"et\",\"@id\":\"https:\\\/\\\/www.profexpo.ee\\\/foodfair\\\/programm\\\/seminar_toidu-ja_joogiturunduse_tulevik\\\/#primaryimage\",\"url\":\"https:\\\/\\\/www.profexpo.ee\\\/foodfair\\\/wp-content\\\/uploads\\\/2026\\\/09\\\/900px_seminar.png\",\"contentUrl\":\"https:\\\/\\\/www.profexpo.ee\\\/foodfair\\\/wp-content\\\/uploads\\\/2026\\\/09\\\/900px_seminar.png\",\"width\":900,\"height\":220},{\"@type\":\"BreadcrumbList\",\"@id\":\"https:\\\/\\\/www.profexpo.ee\\\/foodfair\\\/programm\\\/seminar_toidu-ja_joogiturunduse_tulevik\\\/#breadcrumb\",\"itemListElement\":[{\"@type\":\"ListItem\",\"position\":1,\"name\":\"Home\",\"item\":\"https:\\\/\\\/www.profexpo.ee\\\/foodfair\\\/\"},{\"@type\":\"ListItem\",\"position\":2,\"name\":\"Programm\",\"item\":\"https:\\\/\\\/www.profexpo.ee\\\/foodfair\\\/programm\\\/\"},{\"@type\":\"ListItem\",\"position\":3,\"name\":\"Seminar \u201cToidu- ja joogiturunduse tulevik\u201d\"}]},{\"@type\":\"WebSite\",\"@id\":\"https:\\\/\\\/www.profexpo.ee\\\/foodfair\\\/#website\",\"url\":\"https:\\\/\\\/www.profexpo.ee\\\/foodfair\\\/\",\"name\":\"Tallinn FoodFair\",\"description\":\"Toidumessil, Unibet Arenale oodatakse 23.-24.09 \u00fcle viie tuhande toiduala liidri, otsustaja ja ala uustulnuka.\",\"alternateName\":\"TFF\",\"potentialAction\":[{\"@type\":\"SearchAction\",\"target\":{\"@type\":\"EntryPoint\",\"urlTemplate\":\"https:\\\/\\\/www.profexpo.ee\\\/foodfair\\\/?s={search_term_string}\"},\"query-input\":{\"@type\":\"PropertyValueSpecification\",\"valueRequired\":true,\"valueName\":\"search_term_string\"}}],\"inLanguage\":\"et\"}]}<\/script>\n<!-- \/ Yoast SEO plugin. -->","yoast_head_json":{"title":"Seminar \u201cToidu- ja joogiturunduse tulevik\u201d - Tallinna Toidumess 2026","robots":{"index":"index","follow":"follow","max-snippet":"max-snippet:-1","max-image-preview":"max-image-preview:large","max-video-preview":"max-video-preview:-1"},"canonical":"https:\/\/www.profexpo.ee\/foodfair\/programm\/seminar_toidu-ja_joogiturunduse_tulevik\/","og_locale":"et_EE","og_type":"article","og_title":"Seminar \u201cToidu- ja joogiturunduse tulevik\u201d - Tallinna Toidumess 2026","og_description":"Toidumessil, Unibet Arenale oodatakse 23.-24.09 \u00fcle viie tuhande toiduala liidri, otsustaja ja ala uustulnuka.","og_url":"https:\/\/www.profexpo.ee\/foodfair\/programm\/seminar_toidu-ja_joogiturunduse_tulevik\/","og_site_name":"Tallinna Toidumess 2026","article_modified_time":"2026-09-03T07:13:52+00:00","og_image":[{"width":900,"height":220,"url":"https:\/\/www.profexpo.ee\/foodfair\/wp-content\/uploads\/2026\/09\/900px_seminar.png","type":"image\/png"}],"twitter_card":"summary_large_image","twitter_description":"Toidumessil, Unibet Arenale oodatakse 23.-24.09 \u00fcle viie tuhande toiduala liidri, otsustaja ja ala uustulnuka.","schema":{"@context":"https:\/\/schema.org","@graph":[{"@type":"WebPage","@id":"https:\/\/www.profexpo.ee\/foodfair\/programm\/seminar_toidu-ja_joogiturunduse_tulevik\/","url":"https:\/\/www.profexpo.ee\/foodfair\/programm\/seminar_toidu-ja_joogiturunduse_tulevik\/","name":"Seminar \u201cToidu- ja joogiturunduse tulevik\u201d - Tallinna Toidumess 2026","isPartOf":{"@id":"https:\/\/www.profexpo.ee\/foodfair\/#website"},"primaryImageOfPage":{"@id":"https:\/\/www.profexpo.ee\/foodfair\/programm\/seminar_toidu-ja_joogiturunduse_tulevik\/#primaryimage"},"image":{"@id":"https:\/\/www.profexpo.ee\/foodfair\/programm\/seminar_toidu-ja_joogiturunduse_tulevik\/#primaryimage"},"thumbnailUrl":"https:\/\/www.profexpo.ee\/foodfair\/wp-content\/uploads\/2026\/09\/900px_seminar-250x61.png","datePublished":"2026-09-01T14:01:28+00:00","dateModified":"2026-09-03T07:13:52+00:00","breadcrumb":{"@id":"https:\/\/www.profexpo.ee\/foodfair\/programm\/seminar_toidu-ja_joogiturunduse_tulevik\/#breadcrumb"},"inLanguage":"et","potentialAction":[{"@type":"ReadAction","target":["https:\/\/www.profexpo.ee\/foodfair\/programm\/seminar_toidu-ja_joogiturunduse_tulevik\/"]}]},{"@type":"ImageObject","inLanguage":"et","@id":"https:\/\/www.profexpo.ee\/foodfair\/programm\/seminar_toidu-ja_joogiturunduse_tulevik\/#primaryimage","url":"https:\/\/www.profexpo.ee\/foodfair\/wp-content\/uploads\/2026\/09\/900px_seminar.png","contentUrl":"https:\/\/www.profexpo.ee\/foodfair\/wp-content\/uploads\/2026\/09\/900px_seminar.png","width":900,"height":220},{"@type":"BreadcrumbList","@id":"https:\/\/www.profexpo.ee\/foodfair\/programm\/seminar_toidu-ja_joogiturunduse_tulevik\/#breadcrumb","itemListElement":[{"@type":"ListItem","position":1,"name":"Home","item":"https:\/\/www.profexpo.ee\/foodfair\/"},{"@type":"ListItem","position":2,"name":"Programm","item":"https:\/\/www.profexpo.ee\/foodfair\/programm\/"},{"@type":"ListItem","position":3,"name":"Seminar \u201cToidu- ja joogiturunduse tulevik\u201d"}]},{"@type":"WebSite","@id":"https:\/\/www.profexpo.ee\/foodfair\/#website","url":"https:\/\/www.profexpo.ee\/foodfair\/","name":"Tallinn FoodFair","description":"Toidumessil, Unibet Arenale oodatakse 23.-24.09 \u00fcle viie tuhande toiduala liidri, otsustaja ja ala uustulnuka.","alternateName":"TFF","potentialAction":[{"@type":"SearchAction","target":{"@type":"EntryPoint","urlTemplate":"https:\/\/www.profexpo.ee\/foodfair\/?s={search_term_string}"},"query-input":{"@type":"PropertyValueSpecification","valueRequired":true,"valueName":"search_term_string"}}],"inLanguage":"et"}]}},"_links":{"self":[{"href":"https:\/\/www.profexpo.ee\/foodfair\/wp-json\/wp\/v2\/pages\/20244","targetHints":{"allow":["GET"]}}],"collection":[{"href":"https:\/\/www.profexpo.ee\/foodfair\/wp-json\/wp\/v2\/pages"}],"about":[{"href":"https:\/\/www.profexpo.ee\/foodfair\/wp-json\/wp\/v2\/types\/page"}],"author":[{"embeddable":true,"href":"https:\/\/www.profexpo.ee\/foodfair\/wp-json\/wp\/v2\/users\/3"}],"replies":[{"embeddable":true,"href":"https:\/\/www.profexpo.ee\/foodfair\/wp-json\/wp\/v2\/comments?post=20244"}],"version-history":[{"count":7,"href":"https:\/\/www.profexpo.ee\/foodfair\/wp-json\/wp\/v2\/pages\/20244\/revisions"}],"predecessor-version":[{"id":20298,"href":"https:\/\/www.profexpo.ee\/foodfair\/wp-json\/wp\/v2\/pages\/20244\/revisions\/20298"}],"up":[{"embeddable":true,"href":"https:\/\/www.profexpo.ee\/foodfair\/wp-json\/wp\/v2\/pages\/13"}],"wp:attachment":[{"href":"https:\/\/www.profexpo.ee\/foodfair\/wp-json\/wp\/v2\/media?parent=20244"}],"curies":[{"name":"wp","href":"https:\/\/api.w.org\/{rel}","templated":true}]}}