{"id":210,"date":"2016-03-16T12:25:48","date_gmt":"2016-03-16T10:25:48","guid":{"rendered":"http:\/\/www.profexpo.ee\/foodfair\/?page_id=210"},"modified":"2025-11-04T10:02:54","modified_gmt":"2025-11-04T08:02:54","slug":"kontakt","status":"publish","type":"page","link":"https:\/\/www.profexpo.ee\/foodfair\/korraldaja\/kontakt\/","title":{"rendered":"Kontakt"},"content":{"rendered":"<h1><strong>Tallinna Toidumess korraldaja <\/strong><strong>kontaktandmed<\/strong><\/h1>\n<h2><strong>Profexpo O\u00dc<\/strong><img loading=\"lazy\" decoding=\"async\" class=\"wp-image-13329 size-medium alignright\" src=\"https:\/\/www.profexpo.ee\/foodfair\/wp-content\/uploads\/2023\/04\/PE_logo-01-250x129.png\" alt=\"\" width=\"250\" height=\"129\" srcset=\"https:\/\/www.profexpo.ee\/foodfair\/wp-content\/uploads\/2023\/04\/PE_logo-01-250x129.png 250w, https:\/\/www.profexpo.ee\/foodfair\/wp-content\/uploads\/2023\/04\/PE_logo-01-700x361.png 700w, https:\/\/www.profexpo.ee\/foodfair\/wp-content\/uploads\/2023\/04\/PE_logo-01-768x396.png 768w, https:\/\/www.profexpo.ee\/foodfair\/wp-content\/uploads\/2023\/04\/PE_logo-01-1536x792.png 1536w, https:\/\/www.profexpo.ee\/foodfair\/wp-content\/uploads\/2023\/04\/PE_logo-01-2048x1056.png 2048w, https:\/\/www.profexpo.ee\/foodfair\/wp-content\/uploads\/2023\/04\/PE_logo-01-450x232.png 450w, https:\/\/www.profexpo.ee\/foodfair\/wp-content\/uploads\/2023\/04\/PE_logo-01-900x464.png 900w, https:\/\/www.profexpo.ee\/foodfair\/wp-content\/uploads\/2023\/04\/PE_logo-01-120x62.png 120w\" sizes=\"(max-width: 250px) 100vw, 250px\" \/><\/h2>\n<p>Reg nr 10041247<br \/>\nKM EE100259243<br \/>\nSWEDBANK<br \/>\nIBAN: EE742200221001169606<\/p>\n<p>B\u00fcroo: Ahtri 12-209<br \/>\nTallinn 10151, Eesti<\/p>\n<p>Telefon: (+372) 62 61 347<br \/>\nE-post: <a href=\"mailto:info@profexpo.ee\">info (at) profexpo.ee<\/a><\/p>\n<p>Profexpo O\u00dc on Eestis toimuvate toidumesside traditsiooni looja. Esimene Tallinna Toidumess toimus 1993. aastal.<\/p>\n<p><span style=\"color: #3366ff;\">\u00a0<\/span><\/p>\n<h3><strong>Toidumessi meeskond<\/strong><\/h3>\n<table style=\"height: 114px; width: 80.0623%;\" width=\"917\">\n<tbody>\n<tr>\n<td style=\"width: 24.7003%;\"><a href=\"https:\/\/www.profexpo.ee\/foodfair\/wp-content\/uploads\/2025\/11\/tiitsarv25_2.png\"><img loading=\"lazy\" decoding=\"async\" class=\"round alignnone wp-image-19181 size-full\" src=\"https:\/\/www.profexpo.ee\/foodfair\/wp-content\/uploads\/2025\/11\/tiitsarv25_2.png\" alt=\"\" width=\"700\" height=\"700\" srcset=\"https:\/\/www.profexpo.ee\/foodfair\/wp-content\/uploads\/2025\/11\/tiitsarv25_2.png 700w, https:\/\/www.profexpo.ee\/foodfair\/wp-content\/uploads\/2025\/11\/tiitsarv25_2-250x250.png 250w, https:\/\/www.profexpo.ee\/foodfair\/wp-content\/uploads\/2025\/11\/tiitsarv25_2-150x150.png 150w, https:\/\/www.profexpo.ee\/foodfair\/wp-content\/uploads\/2025\/11\/tiitsarv25_2-450x450.png 450w, https:\/\/www.profexpo.ee\/foodfair\/wp-content\/uploads\/2025\/11\/tiitsarv25_2-120x120.png 120w\" sizes=\"(max-width: 700px) 100vw, 700px\" \/><\/a><\/td>\n<td style=\"width: 25.0047%;\"><img loading=\"lazy\" decoding=\"async\" class=\"round alignnone wp-image-17873 size-medium\" src=\"https:\/\/www.profexpo.ee\/foodfair\/wp-content\/uploads\/2025\/08\/KennetS-250x250.jpg\" alt=\"\" width=\"250\" height=\"250\" srcset=\"https:\/\/www.profexpo.ee\/foodfair\/wp-content\/uploads\/2025\/08\/KennetS-250x250.jpg 250w, https:\/\/www.profexpo.ee\/foodfair\/wp-content\/uploads\/2025\/08\/KennetS-700x701.jpg 700w, https:\/\/www.profexpo.ee\/foodfair\/wp-content\/uploads\/2025\/08\/KennetS-150x150.jpg 150w, https:\/\/www.profexpo.ee\/foodfair\/wp-content\/uploads\/2025\/08\/KennetS-768x769.jpg 768w, https:\/\/www.profexpo.ee\/foodfair\/wp-content\/uploads\/2025\/08\/KennetS-1534x1536.jpg 1534w, https:\/\/www.profexpo.ee\/foodfair\/wp-content\/uploads\/2025\/08\/KennetS-450x450.jpg 450w, https:\/\/www.profexpo.ee\/foodfair\/wp-content\/uploads\/2025\/08\/KennetS-900x901.jpg 900w, https:\/\/www.profexpo.ee\/foodfair\/wp-content\/uploads\/2025\/08\/KennetS-120x120.jpg 120w, https:\/\/www.profexpo.ee\/foodfair\/wp-content\/uploads\/2025\/08\/KennetS.jpg 1977w\" sizes=\"(max-width: 250px) 100vw, 250px\" \/><\/td>\n<td style=\"width: 25.0494%;\"><img loading=\"lazy\" decoding=\"async\" class=\"round alignnone wp-image-17875 size-medium\" src=\"https:\/\/www.profexpo.ee\/foodfair\/wp-content\/uploads\/2025\/08\/KristeKR-250x250.jpg\" alt=\"\" width=\"250\" height=\"250\" srcset=\"https:\/\/www.profexpo.ee\/foodfair\/wp-content\/uploads\/2025\/08\/KristeKR-250x250.jpg 250w, https:\/\/www.profexpo.ee\/foodfair\/wp-content\/uploads\/2025\/08\/KristeKR-700x699.jpg 700w, https:\/\/www.profexpo.ee\/foodfair\/wp-content\/uploads\/2025\/08\/KristeKR-150x150.jpg 150w, https:\/\/www.profexpo.ee\/foodfair\/wp-content\/uploads\/2025\/08\/KristeKR-768x767.jpg 768w, https:\/\/www.profexpo.ee\/foodfair\/wp-content\/uploads\/2025\/08\/KristeKR-1536x1536.jpg 1536w, https:\/\/www.profexpo.ee\/foodfair\/wp-content\/uploads\/2025\/08\/KristeKR-2048x2046.jpg 2048w, https:\/\/www.profexpo.ee\/foodfair\/wp-content\/uploads\/2025\/08\/KristeKR-450x450.jpg 450w, https:\/\/www.profexpo.ee\/foodfair\/wp-content\/uploads\/2025\/08\/KristeKR-900x899.jpg 900w, https:\/\/www.profexpo.ee\/foodfair\/wp-content\/uploads\/2025\/08\/KristeKR-120x120.jpg 120w\" sizes=\"(max-width: 250px) 100vw, 250px\" \/><\/td>\n<td style=\"width: 80.6256%;\"><\/td>\n<\/tr>\n<tr>\n<td style=\"width: 24.7003%;\">Tiit Sarv<\/td>\n<td style=\"width: 25.0047%;\">Kennet Sarv<\/td>\n<td style=\"width: 25.0494%;\">Kriste K\u00f5vamees-Roosna<\/td>\n<td style=\"width: 80.6256%;\"><\/td>\n<\/tr>\n<tr>\n<td style=\"width: 24.7003%;\">Profexpo juhataja<br \/>\nTTM peakorraldaja<\/td>\n<td style=\"width: 25.0047%;\">TTM programmi koordinaator<\/td>\n<td style=\"width: 25.0494%;\">TTM messi koordinaator<\/td>\n<td style=\"width: 80.6256%;\"><\/td>\n<\/tr>\n<\/tbody>\n<\/table>\n<p>&nbsp;<\/p>\n<hr \/>\n<h2><strong><span style=\"color: #3366ff;\"><span style=\"color: #000000;\">Profexpo O\u00dc on Messukeskus Helsinki ametlik<br \/>\n<\/span><\/span><\/strong><strong><span style=\"color: #3366ff;\"><span style=\"color: #000000;\">esindaja E<img loading=\"lazy\" decoding=\"async\" class=\"wp-image-13323 size-medium alignright\" src=\"https:\/\/www.profexpo.ee\/foodfair\/wp-content\/uploads\/2023\/04\/messukeskus_logo_punainen_RGB-250x47.png\" alt=\"\" width=\"250\" height=\"47\" srcset=\"https:\/\/www.profexpo.ee\/foodfair\/wp-content\/uploads\/2023\/04\/messukeskus_logo_punainen_RGB-250x47.png 250w, https:\/\/www.profexpo.ee\/foodfair\/wp-content\/uploads\/2023\/04\/messukeskus_logo_punainen_RGB-700x131.png 700w, https:\/\/www.profexpo.ee\/foodfair\/wp-content\/uploads\/2023\/04\/messukeskus_logo_punainen_RGB-768x144.png 768w, https:\/\/www.profexpo.ee\/foodfair\/wp-content\/uploads\/2023\/04\/messukeskus_logo_punainen_RGB-1536x287.png 1536w, https:\/\/www.profexpo.ee\/foodfair\/wp-content\/uploads\/2023\/04\/messukeskus_logo_punainen_RGB-2048x383.png 2048w, https:\/\/www.profexpo.ee\/foodfair\/wp-content\/uploads\/2023\/04\/messukeskus_logo_punainen_RGB-450x84.png 450w, https:\/\/www.profexpo.ee\/foodfair\/wp-content\/uploads\/2023\/04\/messukeskus_logo_punainen_RGB-900x168.png 900w, https:\/\/www.profexpo.ee\/foodfair\/wp-content\/uploads\/2023\/04\/messukeskus_logo_punainen_RGB-120x22.png 120w\" sizes=\"(max-width: 250px) 100vw, 250px\" \/>estis aastast 2004<br \/>\n<\/span><\/span><\/strong><\/h2>\n<p><a href=\"http:\/\/www.profexpo.ee\/messukeskus\">www.profexpo.ee\/messukeskus<\/a><\/p>\n<p>&nbsp;<\/p>\n<hr \/>\n<h2><strong>Profexpo O\u00dc kuulub j\u00e4rgmistesse liitudesse<\/strong><\/h2>\n<table style=\"height: 19px;\" width=\"899\">\n<tbody>\n<tr>\n<td style=\"text-align: center;\"><img loading=\"lazy\" decoding=\"async\" src=\"http:\/\/toiduliit.ee\/Upload\/User\/Image\/Eesti_Toiduainetoostuse_Liit.png\" alt=\"\" width=\"251\" height=\"71\" \/><\/td>\n<td style=\"text-align: center;\"><img loading=\"lazy\" decoding=\"async\" width=\"250\" height=\"98\" class=\"alignnone size-medium wp-image-19187\" src=\"https:\/\/www.profexpo.ee\/foodfair\/wp-content\/uploads\/2025\/11\/KODA_liige_EST_logo_horiz-1140x445-1-250x98.png\" alt=\"\" srcset=\"https:\/\/www.profexpo.ee\/foodfair\/wp-content\/uploads\/2025\/11\/KODA_liige_EST_logo_horiz-1140x445-1-250x98.png 250w, https:\/\/www.profexpo.ee\/foodfair\/wp-content\/uploads\/2025\/11\/KODA_liige_EST_logo_horiz-1140x445-1-700x273.png 700w, https:\/\/www.profexpo.ee\/foodfair\/wp-content\/uploads\/2025\/11\/KODA_liige_EST_logo_horiz-1140x445-1-768x300.png 768w, https:\/\/www.profexpo.ee\/foodfair\/wp-content\/uploads\/2025\/11\/KODA_liige_EST_logo_horiz-1140x445-1-450x176.png 450w, https:\/\/www.profexpo.ee\/foodfair\/wp-content\/uploads\/2025\/11\/KODA_liige_EST_logo_horiz-1140x445-1-900x351.png 900w, https:\/\/www.profexpo.ee\/foodfair\/wp-content\/uploads\/2025\/11\/KODA_liige_EST_logo_horiz-1140x445-1-120x47.png 120w, https:\/\/www.profexpo.ee\/foodfair\/wp-content\/uploads\/2025\/11\/KODA_liige_EST_logo_horiz-1140x445-1.png 1140w\" sizes=\"(max-width: 250px) 100vw, 250px\" \/><\/td>\n<td style=\"text-align: center;\"><img loading=\"lazy\" decoding=\"async\" class=\"alignleft wp-image-13364 size-medium\" src=\"https:\/\/www.profexpo.ee\/foodfair\/wp-content\/uploads\/2023\/04\/EHRL_logo-01-250x104.png\" alt=\"\" width=\"250\" height=\"104\" srcset=\"https:\/\/www.profexpo.ee\/foodfair\/wp-content\/uploads\/2023\/04\/EHRL_logo-01-250x104.png 250w, https:\/\/www.profexpo.ee\/foodfair\/wp-content\/uploads\/2023\/04\/EHRL_logo-01-700x290.png 700w, https:\/\/www.profexpo.ee\/foodfair\/wp-content\/uploads\/2023\/04\/EHRL_logo-01-768x318.png 768w, https:\/\/www.profexpo.ee\/foodfair\/wp-content\/uploads\/2023\/04\/EHRL_logo-01-1536x637.png 1536w, https:\/\/www.profexpo.ee\/foodfair\/wp-content\/uploads\/2023\/04\/EHRL_logo-01-2048x849.png 2048w, https:\/\/www.profexpo.ee\/foodfair\/wp-content\/uploads\/2023\/04\/EHRL_logo-01-450x187.png 450w, https:\/\/www.profexpo.ee\/foodfair\/wp-content\/uploads\/2023\/04\/EHRL_logo-01-900x373.png 900w, https:\/\/www.profexpo.ee\/foodfair\/wp-content\/uploads\/2023\/04\/EHRL_logo-01-120x50.png 120w\" sizes=\"(max-width: 250px) 100vw, 250px\" \/><\/td>\n<\/tr>\n<tr>\n<td style=\"text-align: center;\"><a href=\"http:\/\/www.toiduliit.ee\/\">Eesti Toiduainet\u00f6\u00f6stuse Liit<\/a><\/td>\n<td style=\"text-align: center;\"><a href=\"http:\/\/www.koda.ee\/\">Eesti Kaubandus-T\u00f6\u00f6stuskoda<\/a><\/td>\n<td style=\"text-align: center;\"><a href=\"http:\/\/www.ehrl.ee\/\">Eesti Hotellide ja Restoranide Liit<\/a><\/td>\n<\/tr>\n<\/tbody>\n<\/table>\n","protected":false},"excerpt":{"rendered":"Tallinna Toidumess korraldaja kontaktandmed Profexpo O\u00dc Reg nr 10041247 KM EE100259243 SWEDBANK IBAN: EE742200221001169606 B\u00fcroo: Ahtri 12-209 Tallinn 10151, Eesti Telefon: (+372) 62 61 347 E-post: info (at) profexpo.ee Profexpo O\u00dc on Eestis toimuvate toidumesside traditsiooni looja. Esimene Tallinna Toidumess toimus 1993. aastal. \u00a0 Toidumessi meeskond Tiit Sarv Kennet Sarv Kriste K\u00f5vamees-Roosna Profexpo juhataja TTM&#8230; <a class=\"view-article\" href=\"https:\/\/www.profexpo.ee\/foodfair\/korraldaja\/kontakt\/\">Loe edasi<\/a>","protected":false},"author":3,"featured_media":0,"parent":19,"menu_order":1,"comment_status":"closed","ping_status":"closed","template":"","meta":{"footnotes":""},"class_list":["post-210","page","type-page","status-publish","hentry"],"yoast_head":"<!-- This site is optimized with the Yoast SEO plugin v24.7 - https:\/\/yoast.com\/wordpress\/plugins\/seo\/ -->\n<title>Kontakt - Tallinna Toidumess 2026<\/title>\n<meta name=\"robots\" content=\"index, follow, max-snippet:-1, max-image-preview:large, max-video-preview:-1\" \/>\n<link rel=\"canonical\" href=\"https:\/\/www.profexpo.ee\/foodfair\/korraldaja\/kontakt\/\" \/>\n<script type=\"application\/ld+json\" class=\"yoast-schema-graph\">{\"@context\":\"https:\/\/schema.org\",\"@graph\":[{\"@type\":\"WebPage\",\"@id\":\"https:\/\/www.profexpo.ee\/foodfair\/korraldaja\/kontakt\/\",\"url\":\"https:\/\/www.profexpo.ee\/foodfair\/korraldaja\/kontakt\/\",\"name\":\"Kontakt - Tallinna Toidumess 2026\",\"isPartOf\":{\"@id\":\"https:\/\/www.profexpo.ee\/foodfair\/#website\"},\"primaryImageOfPage\":{\"@id\":\"https:\/\/www.profexpo.ee\/foodfair\/korraldaja\/kontakt\/#primaryimage\"},\"image\":{\"@id\":\"https:\/\/www.profexpo.ee\/foodfair\/korraldaja\/kontakt\/#primaryimage\"},\"thumbnailUrl\":\"https:\/\/www.profexpo.ee\/foodfair\/wp-content\/uploads\/2023\/04\/PE_logo-01-250x129.png\",\"datePublished\":\"2016-03-16T10:25:48+00:00\",\"dateModified\":\"2025-11-04T08:02:54+00:00\",\"breadcrumb\":{\"@id\":\"https:\/\/www.profexpo.ee\/foodfair\/korraldaja\/kontakt\/#breadcrumb\"},\"inLanguage\":\"et\",\"potentialAction\":[{\"@type\":\"ReadAction\",\"target\":[\"https:\/\/www.profexpo.ee\/foodfair\/korraldaja\/kontakt\/\"]}]},{\"@type\":\"ImageObject\",\"inLanguage\":\"et\",\"@id\":\"https:\/\/www.profexpo.ee\/foodfair\/korraldaja\/kontakt\/#primaryimage\",\"url\":\"https:\/\/www.profexpo.ee\/foodfair\/wp-content\/uploads\/2023\/04\/PE_logo-01.png\",\"contentUrl\":\"https:\/\/www.profexpo.ee\/foodfair\/wp-content\/uploads\/2023\/04\/PE_logo-01.png\",\"width\":2250,\"height\":1160},{\"@type\":\"BreadcrumbList\",\"@id\":\"https:\/\/www.profexpo.ee\/foodfair\/korraldaja\/kontakt\/#breadcrumb\",\"itemListElement\":[{\"@type\":\"ListItem\",\"position\":1,\"name\":\"Home\",\"item\":\"https:\/\/www.profexpo.ee\/foodfair\/\"},{\"@type\":\"ListItem\",\"position\":2,\"name\":\"Korraldaja\",\"item\":\"https:\/\/www.profexpo.ee\/foodfair\/korraldaja\/\"},{\"@type\":\"ListItem\",\"position\":3,\"name\":\"Kontakt\"}]},{\"@type\":\"WebSite\",\"@id\":\"https:\/\/www.profexpo.ee\/foodfair\/#website\",\"url\":\"https:\/\/www.profexpo.ee\/foodfair\/\",\"name\":\"Tallinn FoodFair\",\"description\":\"Tallinna Toidumess 2026\",\"alternateName\":\"sdaf\",\"potentialAction\":[{\"@type\":\"SearchAction\",\"target\":{\"@type\":\"EntryPoint\",\"urlTemplate\":\"https:\/\/www.profexpo.ee\/foodfair\/?s={search_term_string}\"},\"query-input\":{\"@type\":\"PropertyValueSpecification\",\"valueRequired\":true,\"valueName\":\"search_term_string\"}}],\"inLanguage\":\"et\"}]}<\/script>\n<!-- \/ Yoast SEO plugin. -->","yoast_head_json":{"title":"Kontakt - Tallinna Toidumess 2026","robots":{"index":"index","follow":"follow","max-snippet":"max-snippet:-1","max-image-preview":"max-image-preview:large","max-video-preview":"max-video-preview:-1"},"canonical":"https:\/\/www.profexpo.ee\/foodfair\/korraldaja\/kontakt\/","schema":{"@context":"https:\/\/schema.org","@graph":[{"@type":"WebPage","@id":"https:\/\/www.profexpo.ee\/foodfair\/korraldaja\/kontakt\/","url":"https:\/\/www.profexpo.ee\/foodfair\/korraldaja\/kontakt\/","name":"Kontakt - Tallinna Toidumess 2026","isPartOf":{"@id":"https:\/\/www.profexpo.ee\/foodfair\/#website"},"primaryImageOfPage":{"@id":"https:\/\/www.profexpo.ee\/foodfair\/korraldaja\/kontakt\/#primaryimage"},"image":{"@id":"https:\/\/www.profexpo.ee\/foodfair\/korraldaja\/kontakt\/#primaryimage"},"thumbnailUrl":"https:\/\/www.profexpo.ee\/foodfair\/wp-content\/uploads\/2023\/04\/PE_logo-01-250x129.png","datePublished":"2016-03-16T10:25:48+00:00","dateModified":"2025-11-04T08:02:54+00:00","breadcrumb":{"@id":"https:\/\/www.profexpo.ee\/foodfair\/korraldaja\/kontakt\/#breadcrumb"},"inLanguage":"et","potentialAction":[{"@type":"ReadAction","target":["https:\/\/www.profexpo.ee\/foodfair\/korraldaja\/kontakt\/"]}]},{"@type":"ImageObject","inLanguage":"et","@id":"https:\/\/www.profexpo.ee\/foodfair\/korraldaja\/kontakt\/#primaryimage","url":"https:\/\/www.profexpo.ee\/foodfair\/wp-content\/uploads\/2023\/04\/PE_logo-01.png","contentUrl":"https:\/\/www.profexpo.ee\/foodfair\/wp-content\/uploads\/2023\/04\/PE_logo-01.png","width":2250,"height":1160},{"@type":"BreadcrumbList","@id":"https:\/\/www.profexpo.ee\/foodfair\/korraldaja\/kontakt\/#breadcrumb","itemListElement":[{"@type":"ListItem","position":1,"name":"Home","item":"https:\/\/www.profexpo.ee\/foodfair\/"},{"@type":"ListItem","position":2,"name":"Korraldaja","item":"https:\/\/www.profexpo.ee\/foodfair\/korraldaja\/"},{"@type":"ListItem","position":3,"name":"Kontakt"}]},{"@type":"WebSite","@id":"https:\/\/www.profexpo.ee\/foodfair\/#website","url":"https:\/\/www.profexpo.ee\/foodfair\/","name":"Tallinn FoodFair","description":"Tallinna Toidumess 2026","alternateName":"sdaf","potentialAction":[{"@type":"SearchAction","target":{"@type":"EntryPoint","urlTemplate":"https:\/\/www.profexpo.ee\/foodfair\/?s={search_term_string}"},"query-input":{"@type":"PropertyValueSpecification","valueRequired":true,"valueName":"search_term_string"}}],"inLanguage":"et"}]}},"_links":{"self":[{"href":"https:\/\/www.profexpo.ee\/foodfair\/wp-json\/wp\/v2\/pages\/210","targetHints":{"allow":["GET"]}}],"collection":[{"href":"https:\/\/www.profexpo.ee\/foodfair\/wp-json\/wp\/v2\/pages"}],"about":[{"href":"https:\/\/www.profexpo.ee\/foodfair\/wp-json\/wp\/v2\/types\/page"}],"author":[{"embeddable":true,"href":"https:\/\/www.profexpo.ee\/foodfair\/wp-json\/wp\/v2\/users\/3"}],"replies":[{"embeddable":true,"href":"https:\/\/www.profexpo.ee\/foodfair\/wp-json\/wp\/v2\/comments?post=210"}],"version-history":[{"count":5,"href":"https:\/\/www.profexpo.ee\/foodfair\/wp-json\/wp\/v2\/pages\/210\/revisions"}],"predecessor-version":[{"id":19190,"href":"https:\/\/www.profexpo.ee\/foodfair\/wp-json\/wp\/v2\/pages\/210\/revisions\/19190"}],"up":[{"embeddable":true,"href":"https:\/\/www.profexpo.ee\/foodfair\/wp-json\/wp\/v2\/pages\/19"}],"wp:attachment":[{"href":"https:\/\/www.profexpo.ee\/foodfair\/wp-json\/wp\/v2\/media?parent=210"}],"curies":[{"name":"wp","href":"https:\/\/api.w.org\/{rel}","templated":true}]}}