{"id":2826,"date":"2016-10-04T13:02:00","date_gmt":"2016-10-04T10:02:00","guid":{"rendered":"http:\/\/www.profexpo.ee\/foodfair\/?page_id=2826"},"modified":"2026-08-17T13:43:47","modified_gmt":"2026-08-17T10:43:47","slug":"12-koostoo-konverents","status":"publish","type":"page","link":"https:\/\/www.profexpo.ee\/foodfair\/programm\/12-koostoo-konverents\/","title":{"rendered":"12. Koost\u00f6\u00f6 konverents \u201eMurrame l\u00e4bi!\u201c"},"content":{"rendered":"<h1>12. Koost\u00f6\u00f6 konverents \u201eMurrame l\u00e4bi!\u201c<\/h1>\n<p>Konverents toimub kolmap\u00e4eval, 23.09, Tallinna Toidumessi raames &#8211; Unibet Arena,\u00a0 II korruse seminariruumis.<\/p>\n<p><strong>Programm<\/strong><\/p>\n<p><strong>Moderaator: Sirje Potisepp<\/strong><\/p>\n<p><strong>10:30 \u2013 11:00 Registreerimine, hommikukohv<\/strong><\/p>\n<p><strong>11:00 \u2013 11:15 <\/strong><strong>Sissejuhatus ja tervituss\u00f5nad &#8211; Sirje Potisepp, Toiduliidu juhataja ja Kerli Ats, Eesti P\u00f5llumajandus-Kaubanduskoja esinaine<\/strong><\/p>\n<p><strong>11:45 &#8211; 12:30\u00a0 Majandus\u00fclevaade ja ettev\u00f5tete toimetulek &#8211; T\u00f5nu Mertsina, Swedbank AS pea\u00f6konomist<\/strong><\/p>\n<p><strong>12:30 \u2013 13:00 EL metsade raadamise m\u00e4\u00e4rusest (EUDR) ja j\u00e4relevalvest &#8211; Marian Maidra, P\u00f5llumajandus- ja Toiduameti peaspetsialist\u00a0\u00a0<\/strong><\/p>\n<p><strong>13:00 \u2013 13:30<\/strong>\u00a0<strong> Ettev\u00f5tete abimees EUDR ja ETS n\u00f5uete t\u00e4itmisel &#8211; Tanel Karu, Telema AS m\u00fc\u00fcgijuht\u00a0<\/strong><\/p>\n<p><strong>13:30 \u2013 14:00 Ebaausate kaubandustavade uuringu \u00f5ppetunnid &#8211; Helena Tipka, Konkurentsiameti ausate kaubandustavade teenuse juht<\/strong><strong>\u00a0<\/strong><\/p>\n<p><strong> 14:00 &#8211; 14:05 Konverentsip\u00e4eva kokkuv\u00f5te<\/strong><\/p>\n<p>*Korraldajatel on \u00f5igus teha kavas muudatusi, j\u00e4lgige ka toiduliidu kodulehek\u00fclge <a href=\"http:\/\/www.toiduliit.ee\">www.toiduliit.ee<\/a><\/p>\n<h3><strong>Osalustasu<\/strong><\/h3>\n<p>Koost\u00f6\u00f6 konverentsi osalustasu on 60 \u20ac + km, Toiduliidu\u00a0 ja erialaliitude liikmetele 50 EUR + km.<\/p>\n<h3><strong>Registreerimine<\/strong><\/h3>\n<p>Kohtade arv piiratud. Soovitame kohe registreeruda!<br \/>\nKonverentsile registreerumise t\u00e4htaeg on <strong>17. september kella 12.00-ni.<\/strong><\/p>\n<p><a href=\"https:\/\/docs.google.com\/forms\/d\/e\/1FAIpQLSchF02HBqfiyL2hCn24wVTsWV1t5zzl4d87-1CAlRl2vORBCA\/viewform\" target=\"_blank\" rel=\"noopener\">REGISTREERIMINE<\/a><\/p>\n<h3><strong>K\u00fcsimuste puhul palun p\u00f6\u00f6rduda<\/strong><\/h3>\n<p>Liina Laineveer<br \/>\n<a style=\"font-size: 16px;\" href=\"mailto:liina@toiduliit.ee\">liina@toiduliit.ee<\/a><\/p>\n<p><a href=\"https:\/\/www.profexpo.ee\/foodfair\/wp-content\/uploads\/2026\/08\/Eesti_Toiduainetoostuse_Liit_logo.png\"><img loading=\"lazy\" decoding=\"async\" class=\"alignnone wp-image-19999\" src=\"https:\/\/www.profexpo.ee\/foodfair\/wp-content\/uploads\/2026\/08\/Eesti_Toiduainetoostuse_Liit_logo.png\" alt=\"\" width=\"350\" height=\"99\" srcset=\"https:\/\/www.profexpo.ee\/foodfair\/wp-content\/uploads\/2026\/08\/Eesti_Toiduainetoostuse_Liit_logo.png 543w, https:\/\/www.profexpo.ee\/foodfair\/wp-content\/uploads\/2026\/08\/Eesti_Toiduainetoostuse_Liit_logo-250x71.png 250w, https:\/\/www.profexpo.ee\/foodfair\/wp-content\/uploads\/2026\/08\/Eesti_Toiduainetoostuse_Liit_logo-450x128.png 450w, https:\/\/www.profexpo.ee\/foodfair\/wp-content\/uploads\/2026\/08\/Eesti_Toiduainetoostuse_Liit_logo-120x34.png 120w\" sizes=\"(max-width: 350px) 100vw, 350px\" \/><\/a><\/p>\n","protected":false},"excerpt":{"rendered":"12. Koost\u00f6\u00f6 konverents \u201eMurrame l\u00e4bi!\u201c Konverents toimub kolmap\u00e4eval, 23.09, Tallinna Toidumessi raames &#8211; Unibet Arena,\u00a0 II korruse seminariruumis. Programm Moderaator: Sirje Potisepp 10:30 \u2013 11:00 Registreerimine, hommikukohv 11:00 \u2013 11:15 Sissejuhatus ja tervituss\u00f5nad &#8211; Sirje Potisepp, Toiduliidu juhataja ja Kerli Ats, Eesti P\u00f5llumajandus-Kaubanduskoja esinaine 11:45 &#8211; 12:30\u00a0 Majandus\u00fclevaade ja ettev\u00f5tete toimetulek &#8211; T\u00f5nu Mertsina, Swedbank&#8230; <a class=\"view-article\" href=\"https:\/\/www.profexpo.ee\/foodfair\/programm\/12-koostoo-konverents\/\">Loe edasi<\/a>","protected":false},"author":3,"featured_media":0,"parent":13,"menu_order":1,"comment_status":"closed","ping_status":"closed","template":"","meta":{"footnotes":""},"class_list":["post-2826","page","type-page","status-publish","hentry"],"yoast_head":"<!-- This site is optimized with the Yoast SEO plugin v28.2 - https:\/\/yoast.com\/product\/yoast-seo-wordpress\/ -->\n<title>12. Koost\u00f6\u00f6 konverents \u201eMurrame l\u00e4bi!\u201c - Tallinna Toidumess 2026<\/title>\n<meta name=\"robots\" content=\"index, follow, max-snippet:-1, max-image-preview:large, max-video-preview:-1\" \/>\n<link rel=\"canonical\" href=\"https:\/\/www.profexpo.ee\/foodfair\/programm\/12-koostoo-konverents\/\" \/>\n<meta property=\"og:locale\" content=\"et_EE\" \/>\n<meta property=\"og:type\" content=\"article\" \/>\n<meta property=\"og:title\" content=\"12. Koost\u00f6\u00f6 konverents \u201eMurrame l\u00e4bi!\u201c - Tallinna Toidumess 2026\" \/>\n<meta property=\"og:description\" content=\"Toidumessil, Unibet Arenale oodatakse 23.-24.09 \u00fcle viie tuhande toiduala liidri, otsustaja ja ala uustulnuka.\" \/>\n<meta property=\"og:url\" content=\"https:\/\/www.profexpo.ee\/foodfair\/programm\/12-koostoo-konverents\/\" \/>\n<meta property=\"og:site_name\" content=\"Tallinna Toidumess 2026\" \/>\n<meta property=\"article:modified_time\" content=\"2026-08-17T10:43:47+00:00\" \/>\n<meta property=\"og:image\" content=\"https:\/\/www.profexpo.ee\/foodfair\/wp-content\/uploads\/2026\/08\/Eesti_Toiduainetoostuse_Liit_logo.png\" \/>\n\t<meta property=\"og:image:width\" content=\"543\" \/>\n\t<meta property=\"og:image:height\" content=\"154\" \/>\n\t<meta property=\"og:image:type\" content=\"image\/png\" \/>\n<meta name=\"twitter:card\" content=\"summary_large_image\" \/>\n<meta name=\"twitter:description\" content=\"Toidumessil, Unibet Arenale oodatakse 23.-24.09 \u00fcle viie tuhande toiduala liidri, otsustaja ja ala uustulnuka.\" \/>\n<script type=\"application\/ld+json\" class=\"yoast-schema-graph\">{\"@context\":\"https:\\\/\\\/schema.org\",\"@graph\":[{\"@type\":\"WebPage\",\"@id\":\"https:\\\/\\\/www.profexpo.ee\\\/foodfair\\\/programm\\\/12-koostoo-konverents\\\/\",\"url\":\"https:\\\/\\\/www.profexpo.ee\\\/foodfair\\\/programm\\\/12-koostoo-konverents\\\/\",\"name\":\"12. Koost\u00f6\u00f6 konverents \u201eMurrame l\u00e4bi!\u201c - Tallinna Toidumess 2026\",\"isPartOf\":{\"@id\":\"https:\\\/\\\/www.profexpo.ee\\\/foodfair\\\/#website\"},\"primaryImageOfPage\":{\"@id\":\"https:\\\/\\\/www.profexpo.ee\\\/foodfair\\\/programm\\\/12-koostoo-konverents\\\/#primaryimage\"},\"image\":{\"@id\":\"https:\\\/\\\/www.profexpo.ee\\\/foodfair\\\/programm\\\/12-koostoo-konverents\\\/#primaryimage\"},\"thumbnailUrl\":\"https:\\\/\\\/www.profexpo.ee\\\/foodfair\\\/wp-content\\\/uploads\\\/2026\\\/08\\\/Eesti_Toiduainetoostuse_Liit_logo.png\",\"datePublished\":\"2016-10-04T10:02:00+00:00\",\"dateModified\":\"2026-08-17T10:43:47+00:00\",\"breadcrumb\":{\"@id\":\"https:\\\/\\\/www.profexpo.ee\\\/foodfair\\\/programm\\\/12-koostoo-konverents\\\/#breadcrumb\"},\"inLanguage\":\"et\",\"potentialAction\":[{\"@type\":\"ReadAction\",\"target\":[\"https:\\\/\\\/www.profexpo.ee\\\/foodfair\\\/programm\\\/12-koostoo-konverents\\\/\"]}]},{\"@type\":\"ImageObject\",\"inLanguage\":\"et\",\"@id\":\"https:\\\/\\\/www.profexpo.ee\\\/foodfair\\\/programm\\\/12-koostoo-konverents\\\/#primaryimage\",\"url\":\"https:\\\/\\\/www.profexpo.ee\\\/foodfair\\\/wp-content\\\/uploads\\\/2026\\\/08\\\/Eesti_Toiduainetoostuse_Liit_logo.png\",\"contentUrl\":\"https:\\\/\\\/www.profexpo.ee\\\/foodfair\\\/wp-content\\\/uploads\\\/2026\\\/08\\\/Eesti_Toiduainetoostuse_Liit_logo.png\"},{\"@type\":\"BreadcrumbList\",\"@id\":\"https:\\\/\\\/www.profexpo.ee\\\/foodfair\\\/programm\\\/12-koostoo-konverents\\\/#breadcrumb\",\"itemListElement\":[{\"@type\":\"ListItem\",\"position\":1,\"name\":\"Home\",\"item\":\"https:\\\/\\\/www.profexpo.ee\\\/foodfair\\\/\"},{\"@type\":\"ListItem\",\"position\":2,\"name\":\"Programm\",\"item\":\"https:\\\/\\\/www.profexpo.ee\\\/foodfair\\\/programm\\\/\"},{\"@type\":\"ListItem\",\"position\":3,\"name\":\"12. Koost\u00f6\u00f6 konverents \u201eMurrame l\u00e4bi!\u201c\"}]},{\"@type\":\"WebSite\",\"@id\":\"https:\\\/\\\/www.profexpo.ee\\\/foodfair\\\/#website\",\"url\":\"https:\\\/\\\/www.profexpo.ee\\\/foodfair\\\/\",\"name\":\"Tallinn FoodFair\",\"description\":\"Toidumessil, Unibet Arenale oodatakse 23.-24.09 \u00fcle viie tuhande toiduala liidri, otsustaja ja ala uustulnuka.\",\"alternateName\":\"TFF\",\"potentialAction\":[{\"@type\":\"SearchAction\",\"target\":{\"@type\":\"EntryPoint\",\"urlTemplate\":\"https:\\\/\\\/www.profexpo.ee\\\/foodfair\\\/?s={search_term_string}\"},\"query-input\":{\"@type\":\"PropertyValueSpecification\",\"valueRequired\":true,\"valueName\":\"search_term_string\"}}],\"inLanguage\":\"et\"}]}<\/script>\n<!-- \/ Yoast SEO plugin. -->","yoast_head_json":{"title":"12. Koost\u00f6\u00f6 konverents \u201eMurrame l\u00e4bi!\u201c - Tallinna Toidumess 2026","robots":{"index":"index","follow":"follow","max-snippet":"max-snippet:-1","max-image-preview":"max-image-preview:large","max-video-preview":"max-video-preview:-1"},"canonical":"https:\/\/www.profexpo.ee\/foodfair\/programm\/12-koostoo-konverents\/","og_locale":"et_EE","og_type":"article","og_title":"12. Koost\u00f6\u00f6 konverents \u201eMurrame l\u00e4bi!\u201c - Tallinna Toidumess 2026","og_description":"Toidumessil, Unibet Arenale oodatakse 23.-24.09 \u00fcle viie tuhande toiduala liidri, otsustaja ja ala uustulnuka.","og_url":"https:\/\/www.profexpo.ee\/foodfair\/programm\/12-koostoo-konverents\/","og_site_name":"Tallinna Toidumess 2026","article_modified_time":"2026-08-17T10:43:47+00:00","og_image":[{"width":543,"height":154,"url":"https:\/\/www.profexpo.ee\/foodfair\/wp-content\/uploads\/2026\/08\/Eesti_Toiduainetoostuse_Liit_logo.png","type":"image\/png"}],"twitter_card":"summary_large_image","twitter_description":"Toidumessil, Unibet Arenale oodatakse 23.-24.09 \u00fcle viie tuhande toiduala liidri, otsustaja ja ala uustulnuka.","schema":{"@context":"https:\/\/schema.org","@graph":[{"@type":"WebPage","@id":"https:\/\/www.profexpo.ee\/foodfair\/programm\/12-koostoo-konverents\/","url":"https:\/\/www.profexpo.ee\/foodfair\/programm\/12-koostoo-konverents\/","name":"12. Koost\u00f6\u00f6 konverents \u201eMurrame l\u00e4bi!\u201c - Tallinna Toidumess 2026","isPartOf":{"@id":"https:\/\/www.profexpo.ee\/foodfair\/#website"},"primaryImageOfPage":{"@id":"https:\/\/www.profexpo.ee\/foodfair\/programm\/12-koostoo-konverents\/#primaryimage"},"image":{"@id":"https:\/\/www.profexpo.ee\/foodfair\/programm\/12-koostoo-konverents\/#primaryimage"},"thumbnailUrl":"https:\/\/www.profexpo.ee\/foodfair\/wp-content\/uploads\/2026\/08\/Eesti_Toiduainetoostuse_Liit_logo.png","datePublished":"2016-10-04T10:02:00+00:00","dateModified":"2026-08-17T10:43:47+00:00","breadcrumb":{"@id":"https:\/\/www.profexpo.ee\/foodfair\/programm\/12-koostoo-konverents\/#breadcrumb"},"inLanguage":"et","potentialAction":[{"@type":"ReadAction","target":["https:\/\/www.profexpo.ee\/foodfair\/programm\/12-koostoo-konverents\/"]}]},{"@type":"ImageObject","inLanguage":"et","@id":"https:\/\/www.profexpo.ee\/foodfair\/programm\/12-koostoo-konverents\/#primaryimage","url":"https:\/\/www.profexpo.ee\/foodfair\/wp-content\/uploads\/2026\/08\/Eesti_Toiduainetoostuse_Liit_logo.png","contentUrl":"https:\/\/www.profexpo.ee\/foodfair\/wp-content\/uploads\/2026\/08\/Eesti_Toiduainetoostuse_Liit_logo.png"},{"@type":"BreadcrumbList","@id":"https:\/\/www.profexpo.ee\/foodfair\/programm\/12-koostoo-konverents\/#breadcrumb","itemListElement":[{"@type":"ListItem","position":1,"name":"Home","item":"https:\/\/www.profexpo.ee\/foodfair\/"},{"@type":"ListItem","position":2,"name":"Programm","item":"https:\/\/www.profexpo.ee\/foodfair\/programm\/"},{"@type":"ListItem","position":3,"name":"12. Koost\u00f6\u00f6 konverents \u201eMurrame l\u00e4bi!\u201c"}]},{"@type":"WebSite","@id":"https:\/\/www.profexpo.ee\/foodfair\/#website","url":"https:\/\/www.profexpo.ee\/foodfair\/","name":"Tallinn FoodFair","description":"Toidumessil, Unibet Arenale oodatakse 23.-24.09 \u00fcle viie tuhande toiduala liidri, otsustaja ja ala uustulnuka.","alternateName":"TFF","potentialAction":[{"@type":"SearchAction","target":{"@type":"EntryPoint","urlTemplate":"https:\/\/www.profexpo.ee\/foodfair\/?s={search_term_string}"},"query-input":{"@type":"PropertyValueSpecification","valueRequired":true,"valueName":"search_term_string"}}],"inLanguage":"et"}]}},"_links":{"self":[{"href":"https:\/\/www.profexpo.ee\/foodfair\/wp-json\/wp\/v2\/pages\/2826","targetHints":{"allow":["GET"]}}],"collection":[{"href":"https:\/\/www.profexpo.ee\/foodfair\/wp-json\/wp\/v2\/pages"}],"about":[{"href":"https:\/\/www.profexpo.ee\/foodfair\/wp-json\/wp\/v2\/types\/page"}],"author":[{"embeddable":true,"href":"https:\/\/www.profexpo.ee\/foodfair\/wp-json\/wp\/v2\/users\/3"}],"replies":[{"embeddable":true,"href":"https:\/\/www.profexpo.ee\/foodfair\/wp-json\/wp\/v2\/comments?post=2826"}],"version-history":[{"count":5,"href":"https:\/\/www.profexpo.ee\/foodfair\/wp-json\/wp\/v2\/pages\/2826\/revisions"}],"predecessor-version":[{"id":20001,"href":"https:\/\/www.profexpo.ee\/foodfair\/wp-json\/wp\/v2\/pages\/2826\/revisions\/20001"}],"up":[{"embeddable":true,"href":"https:\/\/www.profexpo.ee\/foodfair\/wp-json\/wp\/v2\/pages\/13"}],"wp:attachment":[{"href":"https:\/\/www.profexpo.ee\/foodfair\/wp-json\/wp\/v2\/media?parent=2826"}],"curies":[{"name":"wp","href":"https:\/\/api.w.org\/{rel}","templated":true}]}}