{"id":115,"date":"2016-03-14T16:03:05","date_gmt":"2016-03-14T14:03:05","guid":{"rendered":"http:\/\/www.profexpo.ee\/foodfest\/?page_id=115"},"modified":"2022-08-15T09:35:59","modified_gmt":"2022-08-15T06:35:59","slug":"miks-kulastada","status":"publish","type":"page","link":"https:\/\/www.profexpo.ee\/foodfest\/kulastajale\/miks-kulastada\/","title":{"rendered":"Miks k\u00fclastada"},"content":{"rendered":"<h1><strong>Leia uusimad trendid, ideed ja kontseptsioonid Tallinn FoodFestilt<\/strong><\/h1>\n<p>Tallinn FoodFest on number 1 \u00e4rilt-\u00e4rile toidu-, kaubanduse- ja majutusvaldkonna \u00fcritus Eestis, kus esitletakse nii traditsioonilisi kui ka kaasaegseid tooteid ning teenuseid. Esindatud on toiduainet\u00f6\u00f6stuse, toitlustuse, hotellinduse, hulgim\u00fc\u00fcjate ja vahendajate tooteportfellid.<\/p>\n<p>Soovitame k\u00fclastajatel eelnevalt tutvuda messi programmiga. Programm avalikustatakse septembrikuus.<\/p>\n<p>Programmis on inspireerivad erialaseminarid, kus ettekandeid teevad maailmas tuntud valdkonna spetsialistid ning kohaliku turu tunnetust jagavad Eestis kogenud tegijad.<\/p>\n<p>Messi \u00fcksikasjalik programm avaldatakse septembrikuus.<\/p>\n<h2><strong>Miks tulla messile? Mess on &#8230;<\/strong><\/h2>\n<p>hariv \u2013 osalemine\u00a0erialastel seminaridel annab erialateavet ala tippspetsialistidelt<\/p>\n<p>kompaktne \u2013\u00a0esindatud on paljude\u00a0valdkondade\u00a0tooted ja teenused ehk\u00a0k\u00f5ik vajalik sinu \u00e4riks<\/p>\n<p>efektiivne \u2013 v\u00f5imalus kohtuda samas kohas suure hulga erinevate hankijate,\u00a0pakkujatega\u00a0silmast-silma<\/p>\n<p>erialak\u00fclastajatele tasuta \u2013 eksponendid ja korraldajad saadavad kutsed \u00fcle Eesti k\u00f5igile\u00a0valdkonna ettev\u00f5tetele.<\/p>\n<p>v\u00f5istluslik \u2013 tootekonkursid ja ametialav\u00f5istlused Eesti parimate osav\u00f5tul<\/p>\n<p>fokuseeritud \u2013 uued ideed ja kontseptsioonid toidu, joogi, seadmete jms maailmas<\/p>\n<p>sotsiaalne \u2013 kohtu oma valdkonna kolleegidega, neid on messile oodata \u00fcle 6000<\/p>\n<table style=\"height: 8px;\" width=\"890\">\n<tbody>\n<tr>\n<td><img loading=\"lazy\" decoding=\"async\" class=\"alignleft wp-image-9555 size-medium\" src=\"https:\/\/www.profexpo.ee\/foodfest\/wp-content\/uploads\/2019\/11\/tff2019_marekmetslaid_0129-250x167.jpg\" alt=\"\" width=\"250\" height=\"167\" srcset=\"https:\/\/www.profexpo.ee\/foodfest\/wp-content\/uploads\/2019\/11\/tff2019_marekmetslaid_0129-250x167.jpg 250w, https:\/\/www.profexpo.ee\/foodfest\/wp-content\/uploads\/2019\/11\/tff2019_marekmetslaid_0129-768x513.jpg 768w, https:\/\/www.profexpo.ee\/foodfest\/wp-content\/uploads\/2019\/11\/tff2019_marekmetslaid_0129-700x467.jpg 700w, https:\/\/www.profexpo.ee\/foodfest\/wp-content\/uploads\/2019\/11\/tff2019_marekmetslaid_0129-450x300.jpg 450w, https:\/\/www.profexpo.ee\/foodfest\/wp-content\/uploads\/2019\/11\/tff2019_marekmetslaid_0129-900x601.jpg 900w, https:\/\/www.profexpo.ee\/foodfest\/wp-content\/uploads\/2019\/11\/tff2019_marekmetslaid_0129-120x80.jpg 120w, https:\/\/www.profexpo.ee\/foodfest\/wp-content\/uploads\/2019\/11\/tff2019_marekmetslaid_0129.jpg 2048w\" sizes=\"auto, (max-width: 250px) 100vw, 250px\" \/><\/td>\n<td><img loading=\"lazy\" decoding=\"async\" class=\"alignleft wp-image-9581\" src=\"https:\/\/www.profexpo.ee\/foodfest\/wp-content\/uploads\/2019\/11\/tff2019_marekmetslaid_0244.jpg\" alt=\"\" width=\"250\" height=\"167\" srcset=\"https:\/\/www.profexpo.ee\/foodfest\/wp-content\/uploads\/2019\/11\/tff2019_marekmetslaid_0244.jpg 2048w, https:\/\/www.profexpo.ee\/foodfest\/wp-content\/uploads\/2019\/11\/tff2019_marekmetslaid_0244-250x167.jpg 250w, https:\/\/www.profexpo.ee\/foodfest\/wp-content\/uploads\/2019\/11\/tff2019_marekmetslaid_0244-768x513.jpg 768w, https:\/\/www.profexpo.ee\/foodfest\/wp-content\/uploads\/2019\/11\/tff2019_marekmetslaid_0244-700x467.jpg 700w, https:\/\/www.profexpo.ee\/foodfest\/wp-content\/uploads\/2019\/11\/tff2019_marekmetslaid_0244-450x300.jpg 450w, https:\/\/www.profexpo.ee\/foodfest\/wp-content\/uploads\/2019\/11\/tff2019_marekmetslaid_0244-900x601.jpg 900w, https:\/\/www.profexpo.ee\/foodfest\/wp-content\/uploads\/2019\/11\/tff2019_marekmetslaid_0244-120x80.jpg 120w\" sizes=\"auto, (max-width: 250px) 100vw, 250px\" \/><\/td>\n<td><img loading=\"lazy\" decoding=\"async\" class=\"alignleft wp-image-9593 size-medium\" src=\"https:\/\/www.profexpo.ee\/foodfest\/wp-content\/uploads\/2019\/11\/tff2019_marekmetslaid_0296-250x167.jpg\" alt=\"\" width=\"250\" height=\"167\" srcset=\"https:\/\/www.profexpo.ee\/foodfest\/wp-content\/uploads\/2019\/11\/tff2019_marekmetslaid_0296-250x167.jpg 250w, https:\/\/www.profexpo.ee\/foodfest\/wp-content\/uploads\/2019\/11\/tff2019_marekmetslaid_0296-768x513.jpg 768w, https:\/\/www.profexpo.ee\/foodfest\/wp-content\/uploads\/2019\/11\/tff2019_marekmetslaid_0296-700x467.jpg 700w, https:\/\/www.profexpo.ee\/foodfest\/wp-content\/uploads\/2019\/11\/tff2019_marekmetslaid_0296-450x300.jpg 450w, https:\/\/www.profexpo.ee\/foodfest\/wp-content\/uploads\/2019\/11\/tff2019_marekmetslaid_0296-900x601.jpg 900w, https:\/\/www.profexpo.ee\/foodfest\/wp-content\/uploads\/2019\/11\/tff2019_marekmetslaid_0296-120x80.jpg 120w, https:\/\/www.profexpo.ee\/foodfest\/wp-content\/uploads\/2019\/11\/tff2019_marekmetslaid_0296.jpg 2048w\" sizes=\"auto, (max-width: 250px) 100vw, 250px\" \/><\/td>\n<\/tr>\n<\/tbody>\n<\/table>\n","protected":false},"excerpt":{"rendered":"Leia uusimad trendid, ideed ja kontseptsioonid Tallinn FoodFestilt Tallinn FoodFest on number 1 \u00e4rilt-\u00e4rile toidu-, kaubanduse- ja majutusvaldkonna \u00fcritus Eestis, kus esitletakse nii traditsioonilisi kui ka kaasaegseid tooteid ning teenuseid. Esindatud on toiduainet\u00f6\u00f6stuse, toitlustuse, hotellinduse, hulgim\u00fc\u00fcjate ja vahendajate tooteportfellid. Soovitame k\u00fclastajatel eelnevalt tutvuda messi programmiga. Programm avalikustatakse septembrikuus. Programmis on inspireerivad erialaseminarid, kus ettekandeid teevad&#8230; <a class=\"view-article\" href=\"https:\/\/www.profexpo.ee\/foodfest\/kulastajale\/miks-kulastada\/\">Loe edasi<\/a>","protected":false},"author":3,"featured_media":0,"parent":11,"menu_order":3,"comment_status":"closed","ping_status":"closed","template":"","meta":{"footnotes":""},"class_list":["post-115","page","type-page","status-publish","hentry"],"yoast_head":"<!-- This site is optimized with the Yoast SEO plugin v24.7 - https:\/\/yoast.com\/wordpress\/plugins\/seo\/ -->\n<title>Miks k\u00fclastada - Tallinn FoodFest 2022<\/title>\n<meta name=\"robots\" content=\"index, follow, max-snippet:-1, max-image-preview:large, max-video-preview:-1\" \/>\n<link rel=\"canonical\" href=\"https:\/\/www.profexpo.ee\/foodfest\/kulastajale\/miks-kulastada\/\" \/>\n<meta property=\"og:locale\" content=\"et_EE\" \/>\n<meta property=\"og:type\" content=\"article\" \/>\n<meta property=\"og:title\" content=\"Miks k\u00fclastada - Tallinn FoodFest 2022\" \/>\n<meta property=\"og:description\" content=\"Leia uusimad trendid, ideed ja kontseptsioonid Tallinn FoodFestilt Tallinn FoodFest on number 1 \u00e4rilt-\u00e4rile toidu-, kaubanduse- ja majutusvaldkonna \u00fcritus Eestis, kus esitletakse nii traditsioonilisi kui ka kaasaegseid tooteid ning teenuseid. Esindatud on toiduainet\u00f6\u00f6stuse, toitlustuse, hotellinduse, hulgim\u00fc\u00fcjate ja vahendajate tooteportfellid. Soovitame k\u00fclastajatel eelnevalt tutvuda messi programmiga. Programm avalikustatakse septembrikuus. Programmis on inspireerivad erialaseminarid, kus ettekandeid teevad... Loe edasi\" \/>\n<meta property=\"og:url\" content=\"https:\/\/www.profexpo.ee\/foodfest\/kulastajale\/miks-kulastada\/\" \/>\n<meta property=\"og:site_name\" content=\"Tallinn FoodFest 2022\" \/>\n<meta property=\"article:modified_time\" content=\"2022-08-15T06:35:59+00:00\" \/>\n<meta property=\"og:image\" content=\"http:\/\/www.profexpo.ee\/foodfest\/wp-content\/uploads\/2019\/11\/tff2019_marekmetslaid_0129-250x167.jpg\" \/>\n<meta name=\"twitter:card\" content=\"summary_large_image\" \/>\n<meta name=\"twitter:label1\" content=\"Est. reading time\" \/>\n\t<meta name=\"twitter:data1\" content=\"2 minutit\" \/>\n<script type=\"application\/ld+json\" class=\"yoast-schema-graph\">{\"@context\":\"https:\/\/schema.org\",\"@graph\":[{\"@type\":\"WebPage\",\"@id\":\"https:\/\/www.profexpo.ee\/foodfest\/kulastajale\/miks-kulastada\/\",\"url\":\"https:\/\/www.profexpo.ee\/foodfest\/kulastajale\/miks-kulastada\/\",\"name\":\"Miks k\u00fclastada - Tallinn FoodFest 2022\",\"isPartOf\":{\"@id\":\"https:\/\/www.profexpo.ee\/foodfest\/#website\"},\"primaryImageOfPage\":{\"@id\":\"https:\/\/www.profexpo.ee\/foodfest\/kulastajale\/miks-kulastada\/#primaryimage\"},\"image\":{\"@id\":\"https:\/\/www.profexpo.ee\/foodfest\/kulastajale\/miks-kulastada\/#primaryimage\"},\"thumbnailUrl\":\"http:\/\/www.profexpo.ee\/foodfest\/wp-content\/uploads\/2019\/11\/tff2019_marekmetslaid_0129-250x167.jpg\",\"datePublished\":\"2016-03-14T14:03:05+00:00\",\"dateModified\":\"2022-08-15T06:35:59+00:00\",\"breadcrumb\":{\"@id\":\"https:\/\/www.profexpo.ee\/foodfest\/kulastajale\/miks-kulastada\/#breadcrumb\"},\"inLanguage\":\"et\",\"potentialAction\":[{\"@type\":\"ReadAction\",\"target\":[\"https:\/\/www.profexpo.ee\/foodfest\/kulastajale\/miks-kulastada\/\"]}]},{\"@type\":\"ImageObject\",\"inLanguage\":\"et\",\"@id\":\"https:\/\/www.profexpo.ee\/foodfest\/kulastajale\/miks-kulastada\/#primaryimage\",\"url\":\"http:\/\/www.profexpo.ee\/foodfest\/wp-content\/uploads\/2019\/11\/tff2019_marekmetslaid_0129-250x167.jpg\",\"contentUrl\":\"http:\/\/www.profexpo.ee\/foodfest\/wp-content\/uploads\/2019\/11\/tff2019_marekmetslaid_0129-250x167.jpg\"},{\"@type\":\"BreadcrumbList\",\"@id\":\"https:\/\/www.profexpo.ee\/foodfest\/kulastajale\/miks-kulastada\/#breadcrumb\",\"itemListElement\":[{\"@type\":\"ListItem\",\"position\":1,\"name\":\"Home\",\"item\":\"https:\/\/www.profexpo.ee\/foodfest\/\"},{\"@type\":\"ListItem\",\"position\":2,\"name\":\"K\u00fclastajale\",\"item\":\"https:\/\/www.profexpo.ee\/foodfest\/kulastajale\/\"},{\"@type\":\"ListItem\",\"position\":3,\"name\":\"Miks k\u00fclastada\"}]},{\"@type\":\"WebSite\",\"@id\":\"https:\/\/www.profexpo.ee\/foodfest\/#website\",\"url\":\"https:\/\/www.profexpo.ee\/foodfest\/\",\"name\":\"Tallinn FoodFest 2020\",\"description\":\"Tallinn FoodFest 2022\",\"potentialAction\":[{\"@type\":\"SearchAction\",\"target\":{\"@type\":\"EntryPoint\",\"urlTemplate\":\"https:\/\/www.profexpo.ee\/foodfest\/?s={search_term_string}\"},\"query-input\":{\"@type\":\"PropertyValueSpecification\",\"valueRequired\":true,\"valueName\":\"search_term_string\"}}],\"inLanguage\":\"et\"}]}<\/script>\n<!-- \/ Yoast SEO plugin. -->","yoast_head_json":{"title":"Miks k\u00fclastada - Tallinn FoodFest 2022","robots":{"index":"index","follow":"follow","max-snippet":"max-snippet:-1","max-image-preview":"max-image-preview:large","max-video-preview":"max-video-preview:-1"},"canonical":"https:\/\/www.profexpo.ee\/foodfest\/kulastajale\/miks-kulastada\/","og_locale":"et_EE","og_type":"article","og_title":"Miks k\u00fclastada - Tallinn FoodFest 2022","og_description":"Leia uusimad trendid, ideed ja kontseptsioonid Tallinn FoodFestilt Tallinn FoodFest on number 1 \u00e4rilt-\u00e4rile toidu-, kaubanduse- ja majutusvaldkonna \u00fcritus Eestis, kus esitletakse nii traditsioonilisi kui ka kaasaegseid tooteid ning teenuseid. Esindatud on toiduainet\u00f6\u00f6stuse, toitlustuse, hotellinduse, hulgim\u00fc\u00fcjate ja vahendajate tooteportfellid. Soovitame k\u00fclastajatel eelnevalt tutvuda messi programmiga. Programm avalikustatakse septembrikuus. Programmis on inspireerivad erialaseminarid, kus ettekandeid teevad... Loe edasi","og_url":"https:\/\/www.profexpo.ee\/foodfest\/kulastajale\/miks-kulastada\/","og_site_name":"Tallinn FoodFest 2022","article_modified_time":"2022-08-15T06:35:59+00:00","og_image":[{"url":"http:\/\/www.profexpo.ee\/foodfest\/wp-content\/uploads\/2019\/11\/tff2019_marekmetslaid_0129-250x167.jpg","type":"","width":"","height":""}],"twitter_card":"summary_large_image","twitter_misc":{"Est. reading time":"2 minutit"},"schema":{"@context":"https:\/\/schema.org","@graph":[{"@type":"WebPage","@id":"https:\/\/www.profexpo.ee\/foodfest\/kulastajale\/miks-kulastada\/","url":"https:\/\/www.profexpo.ee\/foodfest\/kulastajale\/miks-kulastada\/","name":"Miks k\u00fclastada - Tallinn FoodFest 2022","isPartOf":{"@id":"https:\/\/www.profexpo.ee\/foodfest\/#website"},"primaryImageOfPage":{"@id":"https:\/\/www.profexpo.ee\/foodfest\/kulastajale\/miks-kulastada\/#primaryimage"},"image":{"@id":"https:\/\/www.profexpo.ee\/foodfest\/kulastajale\/miks-kulastada\/#primaryimage"},"thumbnailUrl":"http:\/\/www.profexpo.ee\/foodfest\/wp-content\/uploads\/2019\/11\/tff2019_marekmetslaid_0129-250x167.jpg","datePublished":"2016-03-14T14:03:05+00:00","dateModified":"2022-08-15T06:35:59+00:00","breadcrumb":{"@id":"https:\/\/www.profexpo.ee\/foodfest\/kulastajale\/miks-kulastada\/#breadcrumb"},"inLanguage":"et","potentialAction":[{"@type":"ReadAction","target":["https:\/\/www.profexpo.ee\/foodfest\/kulastajale\/miks-kulastada\/"]}]},{"@type":"ImageObject","inLanguage":"et","@id":"https:\/\/www.profexpo.ee\/foodfest\/kulastajale\/miks-kulastada\/#primaryimage","url":"http:\/\/www.profexpo.ee\/foodfest\/wp-content\/uploads\/2019\/11\/tff2019_marekmetslaid_0129-250x167.jpg","contentUrl":"http:\/\/www.profexpo.ee\/foodfest\/wp-content\/uploads\/2019\/11\/tff2019_marekmetslaid_0129-250x167.jpg"},{"@type":"BreadcrumbList","@id":"https:\/\/www.profexpo.ee\/foodfest\/kulastajale\/miks-kulastada\/#breadcrumb","itemListElement":[{"@type":"ListItem","position":1,"name":"Home","item":"https:\/\/www.profexpo.ee\/foodfest\/"},{"@type":"ListItem","position":2,"name":"K\u00fclastajale","item":"https:\/\/www.profexpo.ee\/foodfest\/kulastajale\/"},{"@type":"ListItem","position":3,"name":"Miks k\u00fclastada"}]},{"@type":"WebSite","@id":"https:\/\/www.profexpo.ee\/foodfest\/#website","url":"https:\/\/www.profexpo.ee\/foodfest\/","name":"Tallinn FoodFest 2020","description":"Tallinn FoodFest 2022","potentialAction":[{"@type":"SearchAction","target":{"@type":"EntryPoint","urlTemplate":"https:\/\/www.profexpo.ee\/foodfest\/?s={search_term_string}"},"query-input":{"@type":"PropertyValueSpecification","valueRequired":true,"valueName":"search_term_string"}}],"inLanguage":"et"}]}},"_links":{"self":[{"href":"https:\/\/www.profexpo.ee\/foodfest\/wp-json\/wp\/v2\/pages\/115","targetHints":{"allow":["GET"]}}],"collection":[{"href":"https:\/\/www.profexpo.ee\/foodfest\/wp-json\/wp\/v2\/pages"}],"about":[{"href":"https:\/\/www.profexpo.ee\/foodfest\/wp-json\/wp\/v2\/types\/page"}],"author":[{"embeddable":true,"href":"https:\/\/www.profexpo.ee\/foodfest\/wp-json\/wp\/v2\/users\/3"}],"replies":[{"embeddable":true,"href":"https:\/\/www.profexpo.ee\/foodfest\/wp-json\/wp\/v2\/comments?post=115"}],"version-history":[{"count":5,"href":"https:\/\/www.profexpo.ee\/foodfest\/wp-json\/wp\/v2\/pages\/115\/revisions"}],"predecessor-version":[{"id":13436,"href":"https:\/\/www.profexpo.ee\/foodfest\/wp-json\/wp\/v2\/pages\/115\/revisions\/13436"}],"up":[{"embeddable":true,"href":"https:\/\/www.profexpo.ee\/foodfest\/wp-json\/wp\/v2\/pages\/11"}],"wp:attachment":[{"href":"https:\/\/www.profexpo.ee\/foodfest\/wp-json\/wp\/v2\/media?parent=115"}],"curies":[{"name":"wp","href":"https:\/\/api.w.org\/{rel}","templated":true}]}}