{"id":210,"date":"2016-03-16T12:25:48","date_gmt":"2016-03-16T10:25:48","guid":{"rendered":"http:\/\/www.profexpo.ee\/foodfest\/?page_id=210"},"modified":"2022-04-20T12:58:59","modified_gmt":"2022-04-20T09:58:59","slug":"kontakt","status":"publish","type":"page","link":"https:\/\/www.profexpo.ee\/foodfest\/korraldaja\/kontakt\/","title":{"rendered":"Kontakt"},"content":{"rendered":"<h1><strong>Tallinn FoodFest &amp; Tallinna Toidumess<\/strong><\/h1>\n<h1><strong>Korraldaja kontaktandmed<\/strong><\/h1>\n<h2><strong>Profexpo O\u00dc<\/strong><img loading=\"lazy\" decoding=\"async\" class=\"wp-image-1325 alignright\" src=\"https:\/\/www.profexpo.ee\/foodfest\/wp-content\/uploads\/2016\/03\/Profexpo-logo-2-e1459442305507.jpg\" alt=\"Toidumessi korraldaja\" width=\"180\" height=\"83\" \/><\/h2>\n<p>B\u00fcroo: Ahtri 12-209<br \/>\nTallinn 10151, Eesti<\/p>\n<p>Telefon: (+372) 62 61 347<br \/>\nE-post: <a href=\"mailto:info@profexpo.ee\">info (at) profexpo.ee<\/a><\/p>\n<p>Reg nr: 10041247<br \/>\nKM nr: EE100259243<br \/>\nSwedbank &#8211; IBAN: EE742200221001169606<\/p>\n<p>Profexpo O\u00dc on Eestis toimuvate toidumesside traditsiooni looja. Esimene Tallinna toidumess toimus 1993. aastal.<\/p>\n<p>&nbsp;<\/p>\n<h3><strong>Toidumessi meeskond<\/strong><\/h3>\n<table style=\"height: 114px; width: 80.0623%;\" width=\"917\">\n<tbody>\n<tr>\n<td style=\"width: 24.7003%;\"><img loading=\"lazy\" decoding=\"async\" class=\"alignleft wp-image-11020 size-full\" src=\"https:\/\/www.profexpo.ee\/foodfest\/wp-content\/uploads\/2021\/02\/Tiit.jpg\" alt=\"\" width=\"3464\" height=\"3464\" srcset=\"https:\/\/www.profexpo.ee\/foodfest\/wp-content\/uploads\/2021\/02\/Tiit.jpg 3464w, https:\/\/www.profexpo.ee\/foodfest\/wp-content\/uploads\/2021\/02\/Tiit-150x150.jpg 150w, https:\/\/www.profexpo.ee\/foodfest\/wp-content\/uploads\/2021\/02\/Tiit-250x250.jpg 250w, https:\/\/www.profexpo.ee\/foodfest\/wp-content\/uploads\/2021\/02\/Tiit-768x768.jpg 768w, https:\/\/www.profexpo.ee\/foodfest\/wp-content\/uploads\/2021\/02\/Tiit-700x700.jpg 700w, https:\/\/www.profexpo.ee\/foodfest\/wp-content\/uploads\/2021\/02\/Tiit-450x450.jpg 450w, https:\/\/www.profexpo.ee\/foodfest\/wp-content\/uploads\/2021\/02\/Tiit-900x900.jpg 900w, https:\/\/www.profexpo.ee\/foodfest\/wp-content\/uploads\/2021\/02\/Tiit-120x120.jpg 120w\" sizes=\"auto, (max-width: 3464px) 100vw, 3464px\" \/><\/td>\n<td style=\"width: 25.0047%;\"><img loading=\"lazy\" decoding=\"async\" class=\"alignleft wp-image-11018 size-full\" src=\"https:\/\/www.profexpo.ee\/foodfest\/wp-content\/uploads\/2021\/02\/Tiina.jpg\" alt=\"\" width=\"3464\" height=\"3464\" srcset=\"https:\/\/www.profexpo.ee\/foodfest\/wp-content\/uploads\/2021\/02\/Tiina.jpg 3464w, https:\/\/www.profexpo.ee\/foodfest\/wp-content\/uploads\/2021\/02\/Tiina-150x150.jpg 150w, https:\/\/www.profexpo.ee\/foodfest\/wp-content\/uploads\/2021\/02\/Tiina-250x250.jpg 250w, https:\/\/www.profexpo.ee\/foodfest\/wp-content\/uploads\/2021\/02\/Tiina-768x768.jpg 768w, https:\/\/www.profexpo.ee\/foodfest\/wp-content\/uploads\/2021\/02\/Tiina-700x700.jpg 700w, https:\/\/www.profexpo.ee\/foodfest\/wp-content\/uploads\/2021\/02\/Tiina-450x450.jpg 450w, https:\/\/www.profexpo.ee\/foodfest\/wp-content\/uploads\/2021\/02\/Tiina-900x900.jpg 900w, https:\/\/www.profexpo.ee\/foodfest\/wp-content\/uploads\/2021\/02\/Tiina-120x120.jpg 120w\" sizes=\"auto, (max-width: 3464px) 100vw, 3464px\" \/><\/td>\n<td style=\"width: 25.0494%;\"><img loading=\"lazy\" decoding=\"async\" width=\"3464\" height=\"3464\" class=\"alignleft size-full wp-image-11022\" src=\"https:\/\/www.profexpo.ee\/foodfest\/wp-content\/uploads\/2021\/02\/Kennet.jpg\" alt=\"\" srcset=\"https:\/\/www.profexpo.ee\/foodfest\/wp-content\/uploads\/2021\/02\/Kennet.jpg 3464w, https:\/\/www.profexpo.ee\/foodfest\/wp-content\/uploads\/2021\/02\/Kennet-150x150.jpg 150w, https:\/\/www.profexpo.ee\/foodfest\/wp-content\/uploads\/2021\/02\/Kennet-250x250.jpg 250w, https:\/\/www.profexpo.ee\/foodfest\/wp-content\/uploads\/2021\/02\/Kennet-768x768.jpg 768w, https:\/\/www.profexpo.ee\/foodfest\/wp-content\/uploads\/2021\/02\/Kennet-700x700.jpg 700w, https:\/\/www.profexpo.ee\/foodfest\/wp-content\/uploads\/2021\/02\/Kennet-450x450.jpg 450w, https:\/\/www.profexpo.ee\/foodfest\/wp-content\/uploads\/2021\/02\/Kennet-900x900.jpg 900w, https:\/\/www.profexpo.ee\/foodfest\/wp-content\/uploads\/2021\/02\/Kennet-120x120.jpg 120w\" sizes=\"auto, (max-width: 3464px) 100vw, 3464px\" \/><\/td>\n<td style=\"width: 80.6256%;\"><\/td>\n<\/tr>\n<tr>\n<td style=\"width: 24.7003%;\">Tiit Sarv<\/td>\n<td style=\"width: 25.0047%;\">Tiina Laikre<\/td>\n<td style=\"width: 25.0494%;\">Kennet Sarv<\/td>\n<td style=\"width: 80.6256%;\">VAKANTNE T\u00d6\u00d6KOHT<\/td>\n<\/tr>\n<tr>\n<td style=\"width: 24.7003%;\">Profexpo juhataja<br \/>\nTFF 2022 peakorraldaja<\/td>\n<td style=\"width: 25.0047%;\">TFF 2022 messi projektijuht<\/td>\n<td style=\"width: 25.0494%;\">TFF 2022 programmi koordinaator<\/td>\n<td style=\"width: 80.6256%;\">TFF 2022 projekti assistent<\/td>\n<\/tr>\n<\/tbody>\n<\/table>\n<p>&nbsp;<\/p>\n<h3><strong>Profexpo O\u00dc korraldatavad teised \u00fcritused<br \/>\n<\/strong><\/h3>\n<table style=\"border-collapse: collapse; width: 100%;\">\n<tbody>\n<tr>\n<td style=\"width: 33.3333%; text-align: left;\"><a href=\"https:\/\/www.profexpo.ee\/foodfest\/wp-content\/uploads\/2022\/04\/1080px_LEIB2022-01.png\"><img loading=\"lazy\" decoding=\"async\" width=\"250\" height=\"250\" class=\"alignnone size-medium wp-image-13221\" src=\"https:\/\/www.profexpo.ee\/foodfest\/wp-content\/uploads\/2022\/04\/1080px_LEIB2022-01-250x250.png\" alt=\"\" srcset=\"https:\/\/www.profexpo.ee\/foodfest\/wp-content\/uploads\/2022\/04\/1080px_LEIB2022-01-250x250.png 250w, https:\/\/www.profexpo.ee\/foodfest\/wp-content\/uploads\/2022\/04\/1080px_LEIB2022-01-700x700.png 700w, https:\/\/www.profexpo.ee\/foodfest\/wp-content\/uploads\/2022\/04\/1080px_LEIB2022-01-150x150.png 150w, https:\/\/www.profexpo.ee\/foodfest\/wp-content\/uploads\/2022\/04\/1080px_LEIB2022-01-768x768.png 768w, https:\/\/www.profexpo.ee\/foodfest\/wp-content\/uploads\/2022\/04\/1080px_LEIB2022-01-1536x1536.png 1536w, https:\/\/www.profexpo.ee\/foodfest\/wp-content\/uploads\/2022\/04\/1080px_LEIB2022-01-2048x2048.png 2048w, https:\/\/www.profexpo.ee\/foodfest\/wp-content\/uploads\/2022\/04\/1080px_LEIB2022-01-450x450.png 450w, https:\/\/www.profexpo.ee\/foodfest\/wp-content\/uploads\/2022\/04\/1080px_LEIB2022-01-900x900.png 900w, https:\/\/www.profexpo.ee\/foodfest\/wp-content\/uploads\/2022\/04\/1080px_LEIB2022-01-120x120.png 120w\" sizes=\"auto, (max-width: 250px) 100vw, 250px\" \/><\/a><\/td>\n<td style=\"width: 33.3333%; text-align: left;\"><a href=\"https:\/\/www.profexpo.ee\/foodfest\/wp-content\/uploads\/2022\/04\/1080px_mobiil_kohv.jpg\"><img loading=\"lazy\" decoding=\"async\" width=\"250\" height=\"250\" class=\"alignnone size-medium wp-image-13217\" src=\"https:\/\/www.profexpo.ee\/foodfest\/wp-content\/uploads\/2022\/04\/1080px_mobiil_kohv-250x250.jpg\" alt=\"\" srcset=\"https:\/\/www.profexpo.ee\/foodfest\/wp-content\/uploads\/2022\/04\/1080px_mobiil_kohv-250x250.jpg 250w, https:\/\/www.profexpo.ee\/foodfest\/wp-content\/uploads\/2022\/04\/1080px_mobiil_kohv-700x700.jpg 700w, https:\/\/www.profexpo.ee\/foodfest\/wp-content\/uploads\/2022\/04\/1080px_mobiil_kohv-150x150.jpg 150w, https:\/\/www.profexpo.ee\/foodfest\/wp-content\/uploads\/2022\/04\/1080px_mobiil_kohv-768x768.jpg 768w, https:\/\/www.profexpo.ee\/foodfest\/wp-content\/uploads\/2022\/04\/1080px_mobiil_kohv-450x450.jpg 450w, https:\/\/www.profexpo.ee\/foodfest\/wp-content\/uploads\/2022\/04\/1080px_mobiil_kohv-900x900.jpg 900w, https:\/\/www.profexpo.ee\/foodfest\/wp-content\/uploads\/2022\/04\/1080px_mobiil_kohv-120x120.jpg 120w, https:\/\/www.profexpo.ee\/foodfest\/wp-content\/uploads\/2022\/04\/1080px_mobiil_kohv.jpg 1080w\" sizes=\"auto, (max-width: 250px) 100vw, 250px\" \/><\/a><\/td>\n<td style=\"width: 33.3333%; text-align: left;\"><a href=\"https:\/\/www.profexpo.ee\/foodfest\/wp-content\/uploads\/2022\/04\/1080px_uudiskiri_messukeskus.jpg\"><img loading=\"lazy\" decoding=\"async\" width=\"250\" height=\"250\" class=\"alignnone size-medium wp-image-13219\" src=\"https:\/\/www.profexpo.ee\/foodfest\/wp-content\/uploads\/2022\/04\/1080px_uudiskiri_messukeskus-250x250.jpg\" alt=\"\" srcset=\"https:\/\/www.profexpo.ee\/foodfest\/wp-content\/uploads\/2022\/04\/1080px_uudiskiri_messukeskus-250x250.jpg 250w, https:\/\/www.profexpo.ee\/foodfest\/wp-content\/uploads\/2022\/04\/1080px_uudiskiri_messukeskus-700x700.jpg 700w, https:\/\/www.profexpo.ee\/foodfest\/wp-content\/uploads\/2022\/04\/1080px_uudiskiri_messukeskus-150x150.jpg 150w, https:\/\/www.profexpo.ee\/foodfest\/wp-content\/uploads\/2022\/04\/1080px_uudiskiri_messukeskus-768x768.jpg 768w, https:\/\/www.profexpo.ee\/foodfest\/wp-content\/uploads\/2022\/04\/1080px_uudiskiri_messukeskus-450x450.jpg 450w, https:\/\/www.profexpo.ee\/foodfest\/wp-content\/uploads\/2022\/04\/1080px_uudiskiri_messukeskus-900x900.jpg 900w, https:\/\/www.profexpo.ee\/foodfest\/wp-content\/uploads\/2022\/04\/1080px_uudiskiri_messukeskus-120x120.jpg 120w, https:\/\/www.profexpo.ee\/foodfest\/wp-content\/uploads\/2022\/04\/1080px_uudiskiri_messukeskus.jpg 1080w\" sizes=\"auto, (max-width: 250px) 100vw, 250px\" \/><\/a><\/td>\n<\/tr>\n<tr>\n<td style=\"width: 33.3333%;\">Leivafestival on k\u00f5igile toidus\u00f5pradele, keda huvitab nii leib kui ka muud pagaritooted. \u00dcritus on suunatud nii hobikokkadele ja -pagaritele.<\/p>\n<p>T\u00e4psem info <a href=\"http:\/\/www.leivafestival.ee\">www.leivafestival.ee<\/a><\/td>\n<td style=\"width: 33.3333%;\">Tallinn Coffee Festival on \u00fcritus, kus saab tutvuda paljude erinevate ja eriliste kohvisortidega, kohvivalmistusviiside ning seadmetega.<\/p>\n<p>T\u00e4psem info <a href=\"http:\/\/www.TallinnCoffeeFestival.ee\">www.TallinnCoffeeFestival.ee<\/a><\/td>\n<td style=\"width: 33.3333%;\">Profexpo O\u00dc on Messukeskus Helsinki ametlik esindaja Eestis aastast 2004.<\/p>\n<p>Tutuvu Messukeskuse programmiga <a href=\"http:\/\/www.profexpo.ee\/messukeskus\">www.profexpo.ee\/messukeskus<\/a><\/td>\n<\/tr>\n<\/tbody>\n<\/table>\n<h3><\/h3>\n<h3><strong>Profexpo O\u00dc kuulub j\u00e4rgmistesse liitudesse<\/strong><\/h3>\n<table style=\"height: 19px; width: 98.9751%;\" width=\"899\">\n<tbody>\n<tr>\n<td style=\"text-align: left; width: 35.1563%;\"><img loading=\"lazy\" decoding=\"async\" src=\"http:\/\/toiduliit.ee\/Upload\/User\/Image\/Eesti_Toiduainetoostuse_Liit.png\" alt=\"\" width=\"251\" height=\"71\" \/><\/td>\n<td style=\"text-align: left; width: 31.77%;\"><img loading=\"lazy\" decoding=\"async\" src=\"http:\/\/www.etslogistika.ee\/wp-content\/uploads\/2012\/03\/Kaubanduskoda-liige.jpg\" alt=\"\" width=\"169\" height=\"143\" \/><\/td>\n<td style=\"text-align: left; width: 42.3601%;\"><img loading=\"lazy\" decoding=\"async\" class=\"alignnone wp-image-1403\" src=\"https:\/\/www.profexpo.ee\/foodfest\/wp-content\/uploads\/2016\/03\/eesti_hotellide_ja_restoranide_liit_logo.jpg\" alt=\"eesti_hotellide_ja_restoranide_liit_logo\" width=\"130\" height=\"130\" \/><\/td>\n<\/tr>\n<tr>\n<td style=\"text-align: left; width: 35.1563%;\"><a href=\"http:\/\/www.toiduliit.ee\/\">Eesti Toiduainet\u00f6\u00f6stuse Liit<\/a><\/td>\n<td style=\"text-align: left; width: 31.77%;\"><a href=\"http:\/\/www.koda.ee\/\">Eesti Kaubandus-T\u00f6\u00f6stuskoda<\/a><\/td>\n<td style=\"text-align: left; width: 42.3601%;\"><a href=\"http:\/\/www.ehrl.ee\/\">Eesti Hotellide ja Restoranide Liit<\/a><\/td>\n<\/tr>\n<\/tbody>\n<\/table>\n","protected":false},"excerpt":{"rendered":"Tallinn FoodFest &amp; Tallinna Toidumess Korraldaja kontaktandmed Profexpo O\u00dc B\u00fcroo: Ahtri 12-209 Tallinn 10151, Eesti Telefon: (+372) 62 61 347 E-post: info (at) profexpo.ee Reg nr: 10041247 KM nr: EE100259243 Swedbank &#8211; IBAN: EE742200221001169606 Profexpo O\u00dc on Eestis toimuvate toidumesside traditsiooni looja. Esimene Tallinna toidumess toimus 1993. aastal. &nbsp; Toidumessi meeskond Tiit Sarv Tiina Laikre&#8230; <a class=\"view-article\" href=\"https:\/\/www.profexpo.ee\/foodfest\/korraldaja\/kontakt\/\">Loe edasi<\/a>","protected":false},"author":3,"featured_media":0,"parent":19,"menu_order":1,"comment_status":"closed","ping_status":"closed","template":"","meta":{"footnotes":""},"class_list":["post-210","page","type-page","status-publish","hentry"],"yoast_head":"<!-- This site is optimized with the Yoast SEO plugin v24.7 - https:\/\/yoast.com\/wordpress\/plugins\/seo\/ -->\n<title>Kontakt - Tallinn FoodFest 2022<\/title>\n<meta name=\"robots\" content=\"index, follow, max-snippet:-1, max-image-preview:large, max-video-preview:-1\" \/>\n<link rel=\"canonical\" href=\"https:\/\/www.profexpo.ee\/foodfest\/korraldaja\/kontakt\/\" \/>\n<meta property=\"og:locale\" content=\"et_EE\" \/>\n<meta property=\"og:type\" content=\"article\" \/>\n<meta property=\"og:title\" content=\"Kontakt - Tallinn FoodFest 2022\" \/>\n<meta property=\"og:description\" content=\"Tallinn FoodFest &amp; Tallinna Toidumess Korraldaja kontaktandmed Profexpo O\u00dc B\u00fcroo: Ahtri 12-209 Tallinn 10151, Eesti Telefon: (+372) 62 61 347 E-post: info (at) profexpo.ee Reg nr: 10041247 KM nr: EE100259243 Swedbank &#8211; IBAN: EE742200221001169606 Profexpo O\u00dc on Eestis toimuvate toidumesside traditsiooni looja. Esimene Tallinna toidumess toimus 1993. aastal. &nbsp; Toidumessi meeskond Tiit Sarv Tiina Laikre... Loe edasi\" \/>\n<meta property=\"og:url\" content=\"https:\/\/www.profexpo.ee\/foodfest\/korraldaja\/kontakt\/\" \/>\n<meta property=\"og:site_name\" content=\"Tallinn FoodFest 2022\" \/>\n<meta property=\"article:modified_time\" content=\"2022-04-20T09:58:59+00:00\" \/>\n<meta property=\"og:image\" content=\"http:\/\/www.profexpo.ee\/foodfest\/wp-content\/uploads\/2016\/03\/Profexpo-logo-2-e1459442305507.jpg\" \/>\n<meta name=\"twitter:card\" content=\"summary_large_image\" \/>\n<meta name=\"twitter:label1\" content=\"Est. reading time\" \/>\n\t<meta name=\"twitter:data1\" content=\"3 minutit\" \/>\n<script type=\"application\/ld+json\" class=\"yoast-schema-graph\">{\"@context\":\"https:\/\/schema.org\",\"@graph\":[{\"@type\":\"WebPage\",\"@id\":\"https:\/\/www.profexpo.ee\/foodfest\/korraldaja\/kontakt\/\",\"url\":\"https:\/\/www.profexpo.ee\/foodfest\/korraldaja\/kontakt\/\",\"name\":\"Kontakt - Tallinn FoodFest 2022\",\"isPartOf\":{\"@id\":\"https:\/\/www.profexpo.ee\/foodfest\/#website\"},\"primaryImageOfPage\":{\"@id\":\"https:\/\/www.profexpo.ee\/foodfest\/korraldaja\/kontakt\/#primaryimage\"},\"image\":{\"@id\":\"https:\/\/www.profexpo.ee\/foodfest\/korraldaja\/kontakt\/#primaryimage\"},\"thumbnailUrl\":\"http:\/\/www.profexpo.ee\/foodfest\/wp-content\/uploads\/2016\/03\/Profexpo-logo-2-e1459442305507.jpg\",\"datePublished\":\"2016-03-16T10:25:48+00:00\",\"dateModified\":\"2022-04-20T09:58:59+00:00\",\"breadcrumb\":{\"@id\":\"https:\/\/www.profexpo.ee\/foodfest\/korraldaja\/kontakt\/#breadcrumb\"},\"inLanguage\":\"et\",\"potentialAction\":[{\"@type\":\"ReadAction\",\"target\":[\"https:\/\/www.profexpo.ee\/foodfest\/korraldaja\/kontakt\/\"]}]},{\"@type\":\"ImageObject\",\"inLanguage\":\"et\",\"@id\":\"https:\/\/www.profexpo.ee\/foodfest\/korraldaja\/kontakt\/#primaryimage\",\"url\":\"http:\/\/www.profexpo.ee\/foodfest\/wp-content\/uploads\/2016\/03\/Profexpo-logo-2-e1459442305507.jpg\",\"contentUrl\":\"http:\/\/www.profexpo.ee\/foodfest\/wp-content\/uploads\/2016\/03\/Profexpo-logo-2-e1459442305507.jpg\"},{\"@type\":\"BreadcrumbList\",\"@id\":\"https:\/\/www.profexpo.ee\/foodfest\/korraldaja\/kontakt\/#breadcrumb\",\"itemListElement\":[{\"@type\":\"ListItem\",\"position\":1,\"name\":\"Home\",\"item\":\"https:\/\/www.profexpo.ee\/foodfest\/\"},{\"@type\":\"ListItem\",\"position\":2,\"name\":\"Korraldaja\",\"item\":\"https:\/\/www.profexpo.ee\/foodfest\/korraldaja\/\"},{\"@type\":\"ListItem\",\"position\":3,\"name\":\"Kontakt\"}]},{\"@type\":\"WebSite\",\"@id\":\"https:\/\/www.profexpo.ee\/foodfest\/#website\",\"url\":\"https:\/\/www.profexpo.ee\/foodfest\/\",\"name\":\"Tallinn FoodFest 2020\",\"description\":\"Tallinn FoodFest 2022\",\"potentialAction\":[{\"@type\":\"SearchAction\",\"target\":{\"@type\":\"EntryPoint\",\"urlTemplate\":\"https:\/\/www.profexpo.ee\/foodfest\/?s={search_term_string}\"},\"query-input\":{\"@type\":\"PropertyValueSpecification\",\"valueRequired\":true,\"valueName\":\"search_term_string\"}}],\"inLanguage\":\"et\"}]}<\/script>\n<!-- \/ Yoast SEO plugin. -->","yoast_head_json":{"title":"Kontakt - Tallinn FoodFest 2022","robots":{"index":"index","follow":"follow","max-snippet":"max-snippet:-1","max-image-preview":"max-image-preview:large","max-video-preview":"max-video-preview:-1"},"canonical":"https:\/\/www.profexpo.ee\/foodfest\/korraldaja\/kontakt\/","og_locale":"et_EE","og_type":"article","og_title":"Kontakt - Tallinn FoodFest 2022","og_description":"Tallinn FoodFest &amp; Tallinna Toidumess Korraldaja kontaktandmed Profexpo O\u00dc B\u00fcroo: Ahtri 12-209 Tallinn 10151, Eesti Telefon: (+372) 62 61 347 E-post: info (at) profexpo.ee Reg nr: 10041247 KM nr: EE100259243 Swedbank &#8211; IBAN: EE742200221001169606 Profexpo O\u00dc on Eestis toimuvate toidumesside traditsiooni looja. Esimene Tallinna toidumess toimus 1993. aastal. &nbsp; Toidumessi meeskond Tiit Sarv Tiina Laikre... Loe edasi","og_url":"https:\/\/www.profexpo.ee\/foodfest\/korraldaja\/kontakt\/","og_site_name":"Tallinn FoodFest 2022","article_modified_time":"2022-04-20T09:58:59+00:00","og_image":[{"url":"http:\/\/www.profexpo.ee\/foodfest\/wp-content\/uploads\/2016\/03\/Profexpo-logo-2-e1459442305507.jpg","type":"","width":"","height":""}],"twitter_card":"summary_large_image","twitter_misc":{"Est. reading time":"3 minutit"},"schema":{"@context":"https:\/\/schema.org","@graph":[{"@type":"WebPage","@id":"https:\/\/www.profexpo.ee\/foodfest\/korraldaja\/kontakt\/","url":"https:\/\/www.profexpo.ee\/foodfest\/korraldaja\/kontakt\/","name":"Kontakt - Tallinn FoodFest 2022","isPartOf":{"@id":"https:\/\/www.profexpo.ee\/foodfest\/#website"},"primaryImageOfPage":{"@id":"https:\/\/www.profexpo.ee\/foodfest\/korraldaja\/kontakt\/#primaryimage"},"image":{"@id":"https:\/\/www.profexpo.ee\/foodfest\/korraldaja\/kontakt\/#primaryimage"},"thumbnailUrl":"http:\/\/www.profexpo.ee\/foodfest\/wp-content\/uploads\/2016\/03\/Profexpo-logo-2-e1459442305507.jpg","datePublished":"2016-03-16T10:25:48+00:00","dateModified":"2022-04-20T09:58:59+00:00","breadcrumb":{"@id":"https:\/\/www.profexpo.ee\/foodfest\/korraldaja\/kontakt\/#breadcrumb"},"inLanguage":"et","potentialAction":[{"@type":"ReadAction","target":["https:\/\/www.profexpo.ee\/foodfest\/korraldaja\/kontakt\/"]}]},{"@type":"ImageObject","inLanguage":"et","@id":"https:\/\/www.profexpo.ee\/foodfest\/korraldaja\/kontakt\/#primaryimage","url":"http:\/\/www.profexpo.ee\/foodfest\/wp-content\/uploads\/2016\/03\/Profexpo-logo-2-e1459442305507.jpg","contentUrl":"http:\/\/www.profexpo.ee\/foodfest\/wp-content\/uploads\/2016\/03\/Profexpo-logo-2-e1459442305507.jpg"},{"@type":"BreadcrumbList","@id":"https:\/\/www.profexpo.ee\/foodfest\/korraldaja\/kontakt\/#breadcrumb","itemListElement":[{"@type":"ListItem","position":1,"name":"Home","item":"https:\/\/www.profexpo.ee\/foodfest\/"},{"@type":"ListItem","position":2,"name":"Korraldaja","item":"https:\/\/www.profexpo.ee\/foodfest\/korraldaja\/"},{"@type":"ListItem","position":3,"name":"Kontakt"}]},{"@type":"WebSite","@id":"https:\/\/www.profexpo.ee\/foodfest\/#website","url":"https:\/\/www.profexpo.ee\/foodfest\/","name":"Tallinn FoodFest 2020","description":"Tallinn FoodFest 2022","potentialAction":[{"@type":"SearchAction","target":{"@type":"EntryPoint","urlTemplate":"https:\/\/www.profexpo.ee\/foodfest\/?s={search_term_string}"},"query-input":{"@type":"PropertyValueSpecification","valueRequired":true,"valueName":"search_term_string"}}],"inLanguage":"et"}]}},"_links":{"self":[{"href":"https:\/\/www.profexpo.ee\/foodfest\/wp-json\/wp\/v2\/pages\/210","targetHints":{"allow":["GET"]}}],"collection":[{"href":"https:\/\/www.profexpo.ee\/foodfest\/wp-json\/wp\/v2\/pages"}],"about":[{"href":"https:\/\/www.profexpo.ee\/foodfest\/wp-json\/wp\/v2\/types\/page"}],"author":[{"embeddable":true,"href":"https:\/\/www.profexpo.ee\/foodfest\/wp-json\/wp\/v2\/users\/3"}],"replies":[{"embeddable":true,"href":"https:\/\/www.profexpo.ee\/foodfest\/wp-json\/wp\/v2\/comments?post=210"}],"version-history":[{"count":5,"href":"https:\/\/www.profexpo.ee\/foodfest\/wp-json\/wp\/v2\/pages\/210\/revisions"}],"predecessor-version":[{"id":13232,"href":"https:\/\/www.profexpo.ee\/foodfest\/wp-json\/wp\/v2\/pages\/210\/revisions\/13232"}],"up":[{"embeddable":true,"href":"https:\/\/www.profexpo.ee\/foodfest\/wp-json\/wp\/v2\/pages\/19"}],"wp:attachment":[{"href":"https:\/\/www.profexpo.ee\/foodfest\/wp-json\/wp\/v2\/media?parent=210"}],"curies":[{"name":"wp","href":"https:\/\/api.w.org\/{rel}","templated":true}]}}